{"id":959,"date":"2019-06-20T08:34:58","date_gmt":"2019-06-20T11:34:58","guid":{"rendered":"http:\/\/matpsil.com\/revista-lapso\/\/?post_type=avada_portfolio&#038;p=959"},"modified":"2023-12-10T17:03:54","modified_gmt":"2023-12-10T16:03:54","slug":"busquier-feminismo-y-psicoanalisis-algunas-reflexiones-sobre-el-taller-freud-el-patriarcado-y-la-heteronorma","status":"publish","type":"avada_portfolio","link":"http:\/\/matpsil.com\/revista-lapso\/portfolio-items\/busquier-feminismo-y-psicoanalisis-algunas-reflexiones-sobre-el-taller-freud-el-patriarcado-y-la-heteronorma\/","title":{"rendered":"BUSQUIER | Feminismo y psicoana\u0301lisis: algunas reflexiones sobre el taller \u201cFreud, el patriarcado y la heteronorma\u201d"},"content":{"rendered":"<p><div class=\"fusion-fullwidth fullwidth-box fusion-builder-row-1 fusion-flex-container nonhundred-percent-fullwidth non-hundred-percent-height-scrolling\" style=\"--awb-border-radius-top-left:0px;--awb-border-radius-top-right:0px;--awb-border-radius-bottom-right:0px;--awb-border-radius-bottom-left:0px;--awb-flex-wrap:wrap;\" ><div class=\"fusion-builder-row fusion-row fusion-flex-align-items-flex-start fusion-flex-content-wrap\" style=\"max-width:1248px;margin-left: calc(-4% \/ 2 );margin-right: calc(-4% \/ 2 );\"><div class=\"fusion-layout-column fusion_builder_column fusion-builder-column-0 fusion_builder_column_1_1 1_1 fusion-flex-column\" style=\"--awb-bg-size:cover;--awb-width-large:100%;--awb-margin-top-large:0px;--awb-spacing-right-large:1.92%;--awb-margin-bottom-large:20px;--awb-spacing-left-large:1.92%;--awb-width-medium:100%;--awb-spacing-right-medium:1.92%;--awb-spacing-left-medium:1.92%;--awb-width-small:100%;--awb-spacing-right-small:1.92%;--awb-spacing-left-small:1.92%;\"><div class=\"fusion-column-wrapper fusion-flex-justify-content-flex-start fusion-content-layout-column\"><div class=\"fusion-modal modal fade modal-1 busquier\" tabindex=\"-1\" role=\"dialog\" aria-labelledby=\"modal-heading-1\" aria-hidden=\"true\" style=\"--awb-border-color:#ebebeb;--awb-background:#f6f6f6;\"><div class=\"modal-dialog modal-lg\" role=\"document\"><div class=\"modal-content fusion-modal-content\"><div class=\"modal-header\"><button class=\"close\" type=\"button\" data-dismiss=\"modal\" aria-hidden=\"true\" aria-label=\"Close\">&times;<\/button><h3 class=\"modal-title\" id=\"modal-heading-1\" data-dismiss=\"modal\" aria-hidden=\"true\">Luc\u00eda Busquier<\/h3><\/div><div class=\"modal-body fusion-clearfix\">\n<p>Facultad de Filosof\u00eda y Humanidades. Universidad Nacional de C\u00f3rdoba (UNC)<\/p>\n<p>lu.busquier@gmail.com<\/p>\n<\/div><\/div><\/div><\/div><\/div><\/div><\/div><\/div><div class=\"fusion-fullwidth fullwidth-box fusion-builder-row-2 fusion-flex-container nonhundred-percent-fullwidth non-hundred-percent-height-scrolling\" style=\"--awb-background-position:left top;--awb-border-sizes-top:0px;--awb-border-sizes-bottom:0px;--awb-border-sizes-left:0px;--awb-border-sizes-right:0px;--awb-border-radius-top-left:0px;--awb-border-radius-top-right:0px;--awb-border-radius-bottom-right:0px;--awb-border-radius-bottom-left:0px;--awb-padding-top:20px;--awb-padding-bottom:20px;--awb-flex-wrap:wrap;\" ><div class=\"fusion-builder-row fusion-row fusion-flex-align-items-flex-start fusion-flex-content-wrap\" style=\"max-width:1248px;margin-left: calc(-4% \/ 2 );margin-right: calc(-4% \/ 2 );\"><div class=\"fusion-layout-column fusion_builder_column fusion-builder-column-1 fusion_builder_column_1_1 1_1 fusion-flex-column fusion-flex-align-self-flex-start fusion-column-no-min-height\" style=\"--awb-bg-size:cover;--awb-width-large:100%;--awb-margin-top-large:0px;--awb-spacing-right-large:1.92%;--awb-margin-bottom-large:0px;--awb-spacing-left-large:1.92%;--awb-width-medium:100%;--awb-spacing-right-medium:1.92%;--awb-spacing-left-medium:1.92%;--awb-width-small:100%;--awb-spacing-right-small:1.92%;--awb-spacing-left-small:1.92%;\"><div class=\"fusion-column-wrapper fusion-flex-justify-content-flex-start fusion-content-layout-column\"><div class=\"fusion-title title fusion-title-1 sep-underline sep-solid fusion-title-center fusion-title-text fusion-title-size-two\"><h2 class=\"fusion-title-heading title-heading-center fusion-responsive-typography-calculated\" style=\"margin:0;--fontSize:25;--minFontSize:25;line-height:1.5;\">Feminismo y psicoan\u00e1lisis: algunas reflexiones sobre el taller \u201cFreud, el patriarcado y la heteronorma\u201d<\/h2><\/div><\/div><\/div><div class=\"fusion-layout-column fusion_builder_column fusion-builder-column-2 fusion_builder_column_1_6 1_6 fusion-flex-column fusion-no-small-visibility\" style=\"--awb-bg-size:cover;--awb-width-large:16.666666666667%;--awb-margin-top-large:0px;--awb-spacing-right-large:11.52%;--awb-margin-bottom-large:20px;--awb-spacing-left-large:11.52%;--awb-width-medium:16.666666666667%;--awb-spacing-right-medium:11.52%;--awb-spacing-left-medium:11.52%;--awb-width-small:100%;--awb-spacing-right-small:1.92%;--awb-spacing-left-small:1.92%;\"><div class=\"fusion-column-wrapper fusion-flex-justify-content-flex-start fusion-content-layout-column\"><\/div><\/div><div class=\"fusion-layout-column fusion_builder_column fusion-builder-column-3 fusion_builder_column_2_3 2_3 fusion-flex-column\" style=\"--awb-bg-size:cover;--awb-width-large:66.666666666667%;--awb-margin-top-large:0px;--awb-spacing-right-large:2.88%;--awb-margin-bottom-large:20px;--awb-spacing-left-large:2.88%;--awb-width-medium:66.666666666667%;--awb-spacing-right-medium:2.88%;--awb-spacing-left-medium:2.88%;--awb-width-small:100%;--awb-spacing-right-small:1.92%;--awb-spacing-left-small:1.92%;\"><div class=\"fusion-column-wrapper fusion-flex-justify-content-flex-start fusion-content-layout-column\"><style type='text\/css'>.reading-box-container-1 .element-bottomshadow:before,.reading-box-container-1 .element-bottomshadow:after{opacity:0.70;}<\/style><div class=\"fusion-reading-box-container reading-box-container-1 fusion-animated\" style=\"--awb-title-color:#333333;--awb-margin-top:0px;--awb-margin-bottom:84px;\" data-animationType=\"fadeInUp\" data-animationDuration=\"0.5\" data-animationOffset=\"top-into-view\"><div class=\"reading-box reading-box-center element-bottomshadow\" style=\"background-color:#ecf0f5;border-width:1px;border-color:#f6f6f6;border-top-width:3px;border-top-color:var(--primary_color);border-style:solid;\"><h2>LUCI\u0301A BUSQUIER<\/h2><div class=\"reading-box-additional fusion-reading-box-additional\">\n<div class=\"fusion-aligncenter\"><a class=\"fusion-button button-flat fusion-button-default-size button-custom fusion-button-default button-1 fusion-button-default-span fusion-button-default-type\" style=\"--button_accent_color:#333333;--button_accent_hover_color:#333333;--button_border_hover_color:#333333;--button_border_width-top:1px;--button_border_width-right:1px;--button_border_width-bottom:1px;--button_border_width-left:1px;--button-border-radius-top-left:25px;--button-border-radius-top-right:25px;--button-border-radius-bottom-right:25px;--button-border-radius-bottom-left:25px;--button_gradient_top_color:rgba(181,41,41,0);--button_gradient_bottom_color:rgba(181,41,41,0);--button_gradient_top_color_hover:rgba(0,0,0,0.1);--button_gradient_bottom_color_hover:rgba(0,0,0,0.1);\" target=\"_self\" href=\"#\" data-toggle=\"modal\" data-target=\".fusion-modal.busquier\"><span class=\"fusion-button-text\"><\/span><i class=\" fa fa-user button-icon-center\" aria-hidden=\"true\"><\/i><\/a><\/div>\n<\/div><div class=\"fusion-clearfix\"><\/div><\/div><\/div><\/div><\/div><div class=\"fusion-layout-column fusion_builder_column fusion-builder-column-4 fusion_builder_column_1_6 1_6 fusion-flex-column fusion-no-small-visibility\" style=\"--awb-bg-size:cover;--awb-width-large:16.666666666667%;--awb-margin-top-large:0px;--awb-spacing-right-large:11.52%;--awb-margin-bottom-large:20px;--awb-spacing-left-large:11.52%;--awb-width-medium:16.666666666667%;--awb-spacing-right-medium:11.52%;--awb-spacing-left-medium:11.52%;--awb-width-small:100%;--awb-spacing-right-small:1.92%;--awb-spacing-left-small:1.92%;\"><div class=\"fusion-column-wrapper fusion-flex-justify-content-flex-start fusion-content-layout-column\"><\/div><\/div><div class=\"fusion-layout-column fusion_builder_column fusion-builder-column-5 fusion_builder_column_1_1 1_1 fusion-flex-column\" style=\"--awb-bg-size:cover;--awb-width-large:100%;--awb-margin-top-large:0px;--awb-spacing-right-large:1.92%;--awb-margin-bottom-large:20px;--awb-spacing-left-large:1.92%;--awb-width-medium:100%;--awb-spacing-right-medium:1.92%;--awb-spacing-left-medium:1.92%;--awb-width-small:100%;--awb-spacing-right-small:1.92%;--awb-spacing-left-small:1.92%;\"><div class=\"fusion-column-wrapper fusion-flex-justify-content-flex-start fusion-content-layout-column\"><div style=\"text-align:right;\"><a class=\"fusion-button button-flat button-small button-custom fusion-button-default button-2 fusion-button-default-span fusion-button-default-type\" style=\"--button_accent_color:#333333;--button_border_color:#333333;--button_accent_hover_color:#333333;--button_border_hover_color:#333333;--button_border_width-top:1px;--button_border_width-right:1px;--button_border_width-bottom:1px;--button_border_width-left:1px;--button-border-radius-top-left:0;--button-border-radius-top-right:0;--button-border-radius-bottom-right:0;--button-border-radius-bottom-left:0;--button_gradient_top_color:rgba(181,41,41,0);--button_gradient_bottom_color:rgba(181,41,41,0);--button_gradient_top_color_hover:rgba(0,0,0,0.3);--button_gradient_bottom_color_hover:rgba(0,0,0,0.3);\" target=\"_blank\" rel=\"noopener noreferrer\" href=\"http:\/\/matpsil.com\/revista-lapso\/wp-content\/uploads\/sites\/2\/2023\/12\/LAPSO-n\u00b0-4-BUSQUIER-Feminismo-y-psicoanalisis.pdf\"><i class=\"fa-download fas button-icon-left\" aria-hidden=\"true\"><\/i><span class=\"fusion-button-text\">PDF<\/span><\/a><\/div><\/div><\/div><\/div><\/div><div class=\"fusion-fullwidth fullwidth-box fusion-builder-row-3 fusion-flex-container nonhundred-percent-fullwidth non-hundred-percent-height-scrolling\" style=\"--awb-background-position:left top;--awb-border-sizes-top:0px;--awb-border-sizes-bottom:0px;--awb-border-sizes-left:0px;--awb-border-sizes-right:0px;--awb-border-radius-top-left:0px;--awb-border-radius-top-right:0px;--awb-border-radius-bottom-right:0px;--awb-border-radius-bottom-left:0px;--awb-padding-top:20px;--awb-padding-bottom:20px;--awb-flex-wrap:wrap;\" ><div class=\"fusion-builder-row fusion-row fusion-flex-align-items-flex-start fusion-flex-content-wrap\" style=\"max-width:1248px;margin-left: calc(-4% \/ 2 );margin-right: calc(-4% \/ 2 );\"><div class=\"fusion-layout-column fusion_builder_column fusion-builder-column-6 fusion_builder_column_1_1 1_1 fusion-flex-column fusion-flex-align-self-flex-start fusion-column-no-min-height\" style=\"--awb-bg-size:cover;--awb-width-large:100%;--awb-margin-top-large:0px;--awb-spacing-right-large:1.92%;--awb-margin-bottom-large:0px;--awb-spacing-left-large:1.92%;--awb-width-medium:100%;--awb-spacing-right-medium:1.92%;--awb-spacing-left-medium:1.92%;--awb-width-small:100%;--awb-spacing-right-small:1.92%;--awb-spacing-left-small:1.92%;\"><div class=\"fusion-column-wrapper fusion-flex-justify-content-flex-start fusion-content-layout-column\"><div class=\"fusion-text fusion-text-1\"><p style=\"text-align: justify\"><span class=\"fusion-dropcap dropcap dropcap-boxed\" style=\"--awb-border-radius:8px;--awb-background:#dd3333;\">S<\/span>i tuvi\u00e9ramos que nombrar algunos de los sucesos sociales y pol\u00edticos m\u00e1s importantes que ocurrieron en los \u00faltimos a\u00f1os en la Argentina, definitivamente no podr\u00edamos dejar de mencionar el auge del feminismo como un movimiento de masas. Sin invisibilizar m\u00e1s de cien a\u00f1os de activismo que este movimiento lleva en su recorrido, podemos decir que actualmente somos testigos de una gran transformaci\u00f3n que logr\u00f3 contener a varias generaciones, en especial a las m\u00e1s j\u00f3venes, con dos banderas fundamentales: la erradicaci\u00f3n de las violencias y los femicidios y la legalizaci\u00f3n del aborto legal, seguro y gratuito.<\/p>\n<p style=\"text-align: justify\">Este contexto, adem\u00e1s, exige reflexionar, desde una perspectiva de g\u00e9nero, nuestro rol como investigadores y productores de un discurso cient\u00edfico. Es por eso que resultan fundamentales los aportes que puedan realizarse desde los diferentes \u00e1mbitos, instituciones, organizaciones, partidos pol\u00edticos y, por supuesto, desde la universidad y los espacios acad\u00e9micos. En este marco, el pasado s\u00e1bado 9 de marzo, tuve la oportunidad de participar en el taller titulado: \u201cFreud, el patriarcado y la heteronorma\u201d como parte del curso \u201cAcontecimiento Freud\u201d dictado por la Maestr\u00eda en Teor\u00eda Psicoanal\u00edtica Lacaniana (MaTPsiL) de la Universidad Nacional de C\u00f3rdoba.<\/p>\n<p style=\"text-align: justify\">All\u00ed, trabajamos sobre qu\u00e9 es el patriarcado y las diversas formas de conceptualizarlo; examinamos las implicancias del sistema sexo-g\u00e9nero y la heteronormatividad como sistemas pol\u00edticos e ideol\u00f3gicos (Rubin, 1975 y Wittig, 1992); y, por \u00faltimo, nos embarcamos en la ambiciosa tarea de sistematizar, en la obra de Sigmund Freud, las menciones que se hicieron a cuestiones relacionadas con el rol de las mujeres en la sociedad, la igualdad o desigualdad entre los g\u00e9neros, la maternidad obligatoria, entre otras, buscando decodificar algunos conceptos de la teor\u00eda freudiana que com\u00fanmente fueron tildados de sexistas y mis\u00f3ginos y que, apresurando algunas reflexiones propias del taller, est\u00e1n muy lejos de ser funcionales a eso.<\/p>\n<p style=\"text-align: justify\">Si bien dicha tarea no qued\u00f3 concluida, luego del debate y del intercambio, pudimos esbozar una conclusi\u00f3n de manera colectiva que, a mi entender, nos dio algunas pautas de c\u00f3mo continuar: la importancia de contextualizar la obra de Freud, no solo en t\u00e9rminos conceptuales, es decir, traducir sus producciones te\u00f3ricas para pensarlas en nuestra \u00e9poca; sino tambi\u00e9n, realizar una lectura profunda del momento hist\u00f3rico en el que escribi\u00f3 su obra ya que, como bien sabemos, la sociedad europea de fines del siglo XIX y principios del siglo XX tiene algunas \u2014grandes\u2014 diferencias con nuestra realidad actual. Considerando estas dos cuestiones es que podr\u00edan pensarse desde otro lugar aquellas ideas expuestas por el autor que distan bastante de ubicar a las mujeres y a las disidencias en una posici\u00f3n de inferioridad y sumisi\u00f3n.<\/p>\n<p style=\"text-align: justify\">Este encuentro, por dem\u00e1s enriquecedor y alentador, espero sea el comienzo de nuevos espacios de intercambio donde continuemos reflexionando sobre nuestras disciplinas y nuestro rol como intelectuales. Estos debates emergentes del contexto social y pol\u00edtico suelen llegar un poco tarde a los \u00e1mbitos acad\u00e9micos y universitarios y es nuestra responsabilidad generar instancias que permitan, no solo el di\u00e1logo entre diversos saberes como las Ciencias Sociales y el Psicoan\u00e1lisis, que muchas veces se encontraron en veredas opuestas, sino tambi\u00e9n la posibilidad de revisar los conceptos y teor\u00edas acorde a las demandas de nuestros tiempos. Esta ser\u00e1, entonces, la tarea para los pr\u00f3ximos tiempos que se nos avecinan.<\/p>\n<\/div><\/div><\/div><\/div><\/div><div class=\"fusion-fullwidth fullwidth-box fusion-builder-row-4 fusion-flex-container nonhundred-percent-fullwidth non-hundred-percent-height-scrolling\" style=\"--awb-background-position:left top;--awb-border-sizes-top:0px;--awb-border-sizes-bottom:0px;--awb-border-sizes-left:0px;--awb-border-sizes-right:0px;--awb-border-radius-top-left:0px;--awb-border-radius-top-right:0px;--awb-border-radius-bottom-right:0px;--awb-border-radius-bottom-left:0px;--awb-padding-top:20px;--awb-padding-bottom:20px;--awb-flex-wrap:wrap;\" ><div class=\"fusion-builder-row fusion-row fusion-flex-align-items-flex-start fusion-flex-content-wrap\" style=\"max-width:1248px;margin-left: calc(-4% \/ 2 );margin-right: calc(-4% \/ 2 );\"><div class=\"fusion-layout-column fusion_builder_column fusion-builder-column-7 fusion_builder_column_1_1 1_1 fusion-flex-column fusion-flex-align-self-flex-start fusion-column-no-min-height\" style=\"--awb-bg-size:cover;--awb-width-large:100%;--awb-margin-top-large:0px;--awb-spacing-right-large:1.92%;--awb-margin-bottom-large:0px;--awb-spacing-left-large:1.92%;--awb-width-medium:100%;--awb-spacing-right-medium:1.92%;--awb-spacing-left-medium:1.92%;--awb-width-small:100%;--awb-spacing-right-small:1.92%;--awb-spacing-left-small:1.92%;\"><div class=\"fusion-column-wrapper fusion-flex-justify-content-flex-start fusion-content-layout-column\"><div class=\"fusion-title title fusion-title-2 sep-underline sep-solid fusion-title-text fusion-title-size-three\" style=\"--awb-margin-bottom:30px;--awb-sep-color:#dd3333;\"><h3 class=\"fusion-title-heading title-heading-left fusion-responsive-typography-calculated\" style=\"margin:0;--fontSize:20;--minFontSize:20;line-height:1.5;\">Referencias<\/h3><\/div><\/div><\/div><div class=\"fusion-layout-column fusion_builder_column fusion-builder-column-8 fusion_builder_column_1_1 1_1 fusion-flex-column fusion-flex-align-self-flex-start fusion-column-no-min-height\" style=\"--awb-bg-size:cover;--awb-width-large:100%;--awb-margin-top-large:0px;--awb-spacing-right-large:1.92%;--awb-margin-bottom-large:0px;--awb-spacing-left-large:1.92%;--awb-width-medium:100%;--awb-spacing-right-medium:1.92%;--awb-spacing-left-medium:1.92%;--awb-width-small:100%;--awb-spacing-right-small:1.92%;--awb-spacing-left-small:1.92%;\"><div class=\"fusion-column-wrapper fusion-flex-justify-content-flex-start fusion-content-layout-column\"><ul style=\"--awb-size:15px;--awb-iconcolor:#dd3333;--awb-line-height:25.5px;--awb-icon-width:25.5px;--awb-icon-height:25.5px;--awb-icon-margin:10.5px;--awb-content-margin:36px;\" class=\"fusion-checklist fusion-checklist-1 fusion-checklist-default type-icons\"><li class=\"fusion-li-item\" style=\"\"><span class=\"icon-wrapper circle-no\"><i class=\"fusion-li-icon fa-minus fas\" aria-hidden=\"true\"><\/i><\/span><div class=\"fusion-li-item-content\">\n<p style=\"text-align: justify\">Rubin, G. (1975). \u201cEl tr\u00e1fico de mujeres: notas sobre la econom\u00eda pol\u00edtica del sexo\u201d, en Nueva Antropolog\u00eda. Vol. VIII, N\u00b030. M\u00e9xico: Asociaci\u00f3n Nueva Antropolog\u00eda.<\/p>\n<\/div><\/li><li class=\"fusion-li-item\" style=\"\"><span class=\"icon-wrapper circle-no\"><i class=\"fusion-li-icon fa-minus fas\" aria-hidden=\"true\"><\/i><\/span><div class=\"fusion-li-item-content\">\n<p style=\"text-align: justify\">Witting, M. (1992). El pensamiento heterosexual y otros ensayos. Madrid: Egales.<\/p>\n<\/div><\/li><\/ul><\/div><\/div><\/div><\/div><\/p>\n","protected":false},"excerpt":{"rendered":"","protected":false},"author":1,"featured_media":0,"menu_order":0,"comment_status":"open","ping_status":"closed","template":"","format":"standard","meta":{"footnotes":""},"portfolio_category":[],"portfolio_skills":[],"portfolio_tags":[],"class_list":["post-959","avada_portfolio","type-avada_portfolio","status-publish","format-standard","hentry"],"_links":{"self":[{"href":"http:\/\/matpsil.com\/revista-lapso\/wp-json\/wp\/v2\/avada_portfolio\/959","targetHints":{"allow":["GET"]}}],"collection":[{"href":"http:\/\/matpsil.com\/revista-lapso\/wp-json\/wp\/v2\/avada_portfolio"}],"about":[{"href":"http:\/\/matpsil.com\/revista-lapso\/wp-json\/wp\/v2\/types\/avada_portfolio"}],"author":[{"embeddable":true,"href":"http:\/\/matpsil.com\/revista-lapso\/wp-json\/wp\/v2\/users\/1"}],"replies":[{"embeddable":true,"href":"http:\/\/matpsil.com\/revista-lapso\/wp-json\/wp\/v2\/comments?post=959"}],"version-history":[{"count":1,"href":"http:\/\/matpsil.com\/revista-lapso\/wp-json\/wp\/v2\/avada_portfolio\/959\/revisions"}],"predecessor-version":[{"id":2085,"href":"http:\/\/matpsil.com\/revista-lapso\/wp-json\/wp\/v2\/avada_portfolio\/959\/revisions\/2085"}],"wp:attachment":[{"href":"http:\/\/matpsil.com\/revista-lapso\/wp-json\/wp\/v2\/media?parent=959"}],"wp:term":[{"taxonomy":"portfolio_category","embeddable":true,"href":"http:\/\/matpsil.com\/revista-lapso\/wp-json\/wp\/v2\/portfolio_category?post=959"},{"taxonomy":"portfolio_skills","embeddable":true,"href":"http:\/\/matpsil.com\/revista-lapso\/wp-json\/wp\/v2\/portfolio_skills?post=959"},{"taxonomy":"portfolio_tags","embeddable":true,"href":"http:\/\/matpsil.com\/revista-lapso\/wp-json\/wp\/v2\/portfolio_tags?post=959"}],"curies":[{"name":"wp","href":"https:\/\/api.w.org\/{rel}","templated":true}]}}