{"id":650,"date":"2018-12-26T22:15:09","date_gmt":"2018-12-27T01:15:09","guid":{"rendered":"http:\/\/matpsil.com\/revista-lapso\/\/?post_type=avada_portfolio&#038;p=650"},"modified":"2023-12-06T03:14:54","modified_gmt":"2023-12-06T02:14:54","slug":"cattaneo-lo-trans-barajar-y-dar-de-nuevo-otra-partida-para-la-pubertad-y-la-adolescencia","status":"publish","type":"avada_portfolio","link":"http:\/\/matpsil.com\/revista-lapso\/portfolio-items\/cattaneo-lo-trans-barajar-y-dar-de-nuevo-otra-partida-para-la-pubertad-y-la-adolescencia\/","title":{"rendered":"CATTANEO | LO TRANS: \u00bfBarajar y dar de nuevo? Otra partida para la pubertad y la adolescencia"},"content":{"rendered":"<p><div class=\"fusion-fullwidth fullwidth-box fusion-builder-row-1 fusion-flex-container nonhundred-percent-fullwidth non-hundred-percent-height-scrolling\" style=\"--awb-border-radius-top-left:0px;--awb-border-radius-top-right:0px;--awb-border-radius-bottom-right:0px;--awb-border-radius-bottom-left:0px;--awb-flex-wrap:wrap;\" ><div class=\"fusion-builder-row fusion-row fusion-flex-align-items-flex-start fusion-flex-content-wrap\" style=\"max-width:1248px;margin-left: calc(-4% \/ 2 );margin-right: calc(-4% \/ 2 );\"><div class=\"fusion-layout-column fusion_builder_column fusion-builder-column-0 fusion_builder_column_1_1 1_1 fusion-flex-column\" style=\"--awb-bg-size:cover;--awb-width-large:100%;--awb-margin-top-large:0px;--awb-spacing-right-large:1.92%;--awb-margin-bottom-large:20px;--awb-spacing-left-large:1.92%;--awb-width-medium:100%;--awb-spacing-right-medium:1.92%;--awb-spacing-left-medium:1.92%;--awb-width-small:100%;--awb-spacing-right-small:1.92%;--awb-spacing-left-small:1.92%;\"><div class=\"fusion-column-wrapper fusion-flex-justify-content-flex-start fusion-content-layout-column\"><div class=\"fusion-modal modal fade modal-1 cattaneo\" tabindex=\"-1\" role=\"dialog\" aria-labelledby=\"modal-heading-1\" aria-hidden=\"true\" style=\"--awb-border-color:#ebebeb;--awb-background:#f6f6f6;\"><div class=\"modal-dialog modal-lg\" role=\"document\"><div class=\"modal-content fusion-modal-content\"><div class=\"modal-header\"><button class=\"close\" type=\"button\" data-dismiss=\"modal\" aria-hidden=\"true\" aria-label=\"Close\">&times;<\/button><h3 class=\"modal-title\" id=\"modal-heading-1\" data-dismiss=\"modal\" aria-hidden=\"true\">Mar\u00eda Jimena Cattaneo<\/h3><\/div><div class=\"modal-body fusion-clearfix\">\n<p>Maestr\u00eda en Teor\u00eda Psicoanal\u00edtica Lacaniana<\/p>\n<p>jimenacattaneo@hotmail.com<\/p>\n<\/div><\/div><\/div><\/div><\/div><\/div><\/div><\/div><div class=\"fusion-fullwidth fullwidth-box fusion-builder-row-2 fusion-flex-container nonhundred-percent-fullwidth non-hundred-percent-height-scrolling\" style=\"--awb-background-position:left top;--awb-border-sizes-top:0px;--awb-border-sizes-bottom:0px;--awb-border-sizes-left:0px;--awb-border-sizes-right:0px;--awb-border-radius-top-left:0px;--awb-border-radius-top-right:0px;--awb-border-radius-bottom-right:0px;--awb-border-radius-bottom-left:0px;--awb-padding-top:20px;--awb-padding-bottom:20px;--awb-flex-wrap:wrap;\" ><div class=\"fusion-builder-row fusion-row fusion-flex-align-items-flex-start fusion-flex-content-wrap\" style=\"max-width:1248px;margin-left: calc(-4% \/ 2 );margin-right: calc(-4% \/ 2 );\"><div class=\"fusion-layout-column fusion_builder_column fusion-builder-column-1 fusion_builder_column_1_1 1_1 fusion-flex-column fusion-flex-align-self-flex-start fusion-column-no-min-height\" style=\"--awb-bg-size:cover;--awb-width-large:100%;--awb-margin-top-large:0px;--awb-spacing-right-large:1.92%;--awb-margin-bottom-large:0px;--awb-spacing-left-large:1.92%;--awb-width-medium:100%;--awb-spacing-right-medium:1.92%;--awb-spacing-left-medium:1.92%;--awb-width-small:100%;--awb-spacing-right-small:1.92%;--awb-spacing-left-small:1.92%;\"><div class=\"fusion-column-wrapper fusion-flex-justify-content-flex-start fusion-content-layout-column\"><div class=\"fusion-title title fusion-title-1 sep-underline sep-solid fusion-title-center fusion-title-text fusion-title-size-two\"><h2 class=\"fusion-title-heading title-heading-center fusion-responsive-typography-calculated\" style=\"margin:0;--fontSize:25;--minFontSize:25;line-height:1.5;\">LO TRANS: \u00bfBarajar y dar de nuevo? Otra partida para la pubertad y la adolescencia<\/h2><\/div><\/div><\/div><div class=\"fusion-layout-column fusion_builder_column fusion-builder-column-2 fusion_builder_column_1_6 1_6 fusion-flex-column fusion-no-small-visibility\" style=\"--awb-bg-size:cover;--awb-width-large:16.666666666667%;--awb-margin-top-large:0px;--awb-spacing-right-large:11.52%;--awb-margin-bottom-large:20px;--awb-spacing-left-large:11.52%;--awb-width-medium:16.666666666667%;--awb-spacing-right-medium:11.52%;--awb-spacing-left-medium:11.52%;--awb-width-small:100%;--awb-spacing-right-small:1.92%;--awb-spacing-left-small:1.92%;\"><div class=\"fusion-column-wrapper fusion-flex-justify-content-flex-start fusion-content-layout-column\"><\/div><\/div><div class=\"fusion-layout-column fusion_builder_column fusion-builder-column-3 fusion_builder_column_2_3 2_3 fusion-flex-column\" style=\"--awb-bg-size:cover;--awb-width-large:66.666666666667%;--awb-margin-top-large:0px;--awb-spacing-right-large:2.88%;--awb-margin-bottom-large:20px;--awb-spacing-left-large:2.88%;--awb-width-medium:66.666666666667%;--awb-spacing-right-medium:2.88%;--awb-spacing-left-medium:2.88%;--awb-width-small:100%;--awb-spacing-right-small:1.92%;--awb-spacing-left-small:1.92%;\"><div class=\"fusion-column-wrapper fusion-flex-justify-content-flex-start fusion-content-layout-column\"><style type='text\/css'>.reading-box-container-1 .element-bottomshadow:before,.reading-box-container-1 .element-bottomshadow:after{opacity:0.70;}<\/style><div class=\"fusion-reading-box-container reading-box-container-1 fusion-animated\" style=\"--awb-title-color:#333333;--awb-margin-top:0px;--awb-margin-bottom:84px;\" data-animationType=\"fadeInUp\" data-animationDuration=\"0.5\" data-animationOffset=\"top-into-view\"><div class=\"reading-box reading-box-center element-bottomshadow\" style=\"background-color:#ecf0f5;border-width:1px;border-color:#f6f6f6;border-top-width:3px;border-top-color:var(--primary_color);border-style:solid;\"><h2>MAR\u00cdA JIMENA CATTANEO<\/h2><div class=\"reading-box-additional fusion-reading-box-additional\">\n<div class=\"fusion-aligncenter\"><a class=\"fusion-button button-flat fusion-button-default-size button-custom fusion-button-default button-1 fusion-button-default-span fusion-button-default-type\" style=\"--button_accent_color:#333333;--button_accent_hover_color:#333333;--button_border_hover_color:#333333;--button_border_width-top:1px;--button_border_width-right:1px;--button_border_width-bottom:1px;--button_border_width-left:1px;--button-border-radius-top-left:25px;--button-border-radius-top-right:25px;--button-border-radius-bottom-right:25px;--button-border-radius-bottom-left:25px;--button_gradient_top_color:rgba(181,41,41,0);--button_gradient_bottom_color:rgba(181,41,41,0);--button_gradient_top_color_hover:rgba(0,0,0,0.1);--button_gradient_bottom_color_hover:rgba(0,0,0,0.1);\" target=\"_self\" href=\"#\" data-toggle=\"modal\" data-target=\".fusion-modal.cattaneo\"><span class=\"fusion-button-text\"><\/span><i class=\" fa fa-user button-icon-center\" aria-hidden=\"true\"><\/i><\/a><\/div>\n<\/div><div class=\"fusion-clearfix\"><\/div><\/div><\/div><\/div><\/div><div class=\"fusion-layout-column fusion_builder_column fusion-builder-column-4 fusion_builder_column_1_6 1_6 fusion-flex-column fusion-no-small-visibility\" style=\"--awb-bg-size:cover;--awb-width-large:16.666666666667%;--awb-margin-top-large:0px;--awb-spacing-right-large:11.52%;--awb-margin-bottom-large:20px;--awb-spacing-left-large:11.52%;--awb-width-medium:16.666666666667%;--awb-spacing-right-medium:11.52%;--awb-spacing-left-medium:11.52%;--awb-width-small:100%;--awb-spacing-right-small:1.92%;--awb-spacing-left-small:1.92%;\"><div class=\"fusion-column-wrapper fusion-flex-justify-content-flex-start fusion-content-layout-column\"><\/div><\/div><div class=\"fusion-layout-column fusion_builder_column fusion-builder-column-5 fusion_builder_column_1_1 1_1 fusion-flex-column\" style=\"--awb-bg-size:cover;--awb-width-large:100%;--awb-margin-top-large:0px;--awb-spacing-right-large:1.92%;--awb-margin-bottom-large:20px;--awb-spacing-left-large:1.92%;--awb-width-medium:100%;--awb-spacing-right-medium:1.92%;--awb-spacing-left-medium:1.92%;--awb-width-small:100%;--awb-spacing-right-small:1.92%;--awb-spacing-left-small:1.92%;\"><div class=\"fusion-column-wrapper fusion-flex-justify-content-flex-start fusion-content-layout-column\"><div style=\"text-align:right;\"><a class=\"fusion-button button-flat button-small button-custom fusion-button-default button-2 fusion-button-default-span fusion-button-default-type\" style=\"--button_accent_color:#333333;--button_border_color:#333333;--button_accent_hover_color:#333333;--button_border_hover_color:#333333;--button_border_width-top:1px;--button_border_width-right:1px;--button_border_width-bottom:1px;--button_border_width-left:1px;--button-border-radius-top-left:0;--button-border-radius-top-right:0;--button-border-radius-bottom-right:0;--button-border-radius-bottom-left:0;--button_gradient_top_color:rgba(181,41,41,0);--button_gradient_bottom_color:rgba(181,41,41,0);--button_gradient_top_color_hover:rgba(0,0,0,0.3);--button_gradient_bottom_color_hover:rgba(0,0,0,0.3);\" target=\"_blank\" rel=\"noopener noreferrer\" href=\"http:\/\/matpsil.com\/revista-lapso\/wp-content\/uploads\/sites\/2\/2023\/12\/CATTANEO-LO-TRANS.pdf\"><i class=\"fa-download fas button-icon-left\" aria-hidden=\"true\"><\/i><span class=\"fusion-button-text\">PDF<\/span><\/a><\/div><div style=\"text-align:right;\"><a class=\"fusion-button button-flat button-small button-default fusion-button-default button-3 fusion-button-default-span fusion-button-default-type\" style=\"--button-border-radius-top-left:0;--button-border-radius-top-right:0;--button-border-radius-bottom-right:0;--button-border-radius-bottom-left:0;\" target=\"_self\" href=\"http:\/\/matpsil.com\/revista-lapso\/portfolio-items\/castillo-a-lifting-called-francisco\/\"><span class=\"fusion-button-text\">ENGLISH VERSION<\/span><\/a><\/div><\/div><\/div><\/div><\/div><div class=\"fusion-fullwidth fullwidth-box fusion-builder-row-3 fusion-flex-container nonhundred-percent-fullwidth non-hundred-percent-height-scrolling\" style=\"--awb-border-radius-top-left:0px;--awb-border-radius-top-right:0px;--awb-border-radius-bottom-right:0px;--awb-border-radius-bottom-left:0px;--awb-flex-wrap:wrap;\" ><div class=\"fusion-builder-row fusion-row fusion-flex-align-items-flex-start fusion-flex-content-wrap\" style=\"max-width:1248px;margin-left: calc(-4% \/ 2 );margin-right: calc(-4% \/ 2 );\"><div class=\"fusion-layout-column fusion_builder_column fusion-builder-column-6 fusion_builder_column_1_1 1_1 fusion-flex-column\" style=\"--awb-bg-size:cover;--awb-width-large:100%;--awb-margin-top-large:0px;--awb-spacing-right-large:1.92%;--awb-margin-bottom-large:20px;--awb-spacing-left-large:1.92%;--awb-width-medium:100%;--awb-spacing-right-medium:1.92%;--awb-spacing-left-medium:1.92%;--awb-width-small:100%;--awb-spacing-right-small:1.92%;--awb-spacing-left-small:1.92%;\"><div class=\"fusion-column-wrapper fusion-flex-justify-content-flex-start fusion-content-layout-column\"><style type='text\/css'>.reading-box-container-2 .element-bottomshadow:before,.reading-box-container-2 .element-bottomshadow:after{opacity:0.70;}<\/style><div class=\"fusion-reading-box-container reading-box-container-2\" style=\"--awb-title-color:#333333;--awb-margin-top:0px;--awb-margin-bottom:84px;\"><div class=\"reading-box\" style=\"background-color:#ecf0f5;border-width:1px;border-color:#ecf0f5;border-style:solid;\"><h2>Resumen<\/h2><div class=\"reading-box-additional fusion-reading-box-additional\">\n<p style=\"text-align: justify\">El presente trabajo propone un recorrido por los significantes pubertad, donde se produce, se reproduce el encuentro traum\u00e1tico con la falla de saber sobre el sexo, y adolescencia, como respuesta subjetiva al real de la pubertad.\u00a0 Los modos de nombrar, en Freud, lo que acontece en la pubertad, se relacionan con la metamorfosis, la transformaci\u00f3n, el cambio. De esta manera se asocia con el significante de \u201clo trans\u201d, implicando una transformaci\u00f3n, metamorfosis y cambio de g\u00e9nero. Se propone partir de la hip\u00f3tesis que el tratamiento hormonal al que se somete un sujeto trans, implicar\u00eda otra irrupci\u00f3n de lo real en el cuerpo, otra pubertad inducida y elegida, sugiriendo que la respuesta a ese real, podr\u00eda implicar un nuevo momento subjetivo, una nueva oportunidad para el sujeto.<\/p>\n<\/div><div class=\"fusion-clearfix\"><\/div><\/div><\/div><\/div><\/div><\/div><\/div><div class=\"fusion-fullwidth fullwidth-box fusion-builder-row-4 fusion-flex-container nonhundred-percent-fullwidth non-hundred-percent-height-scrolling\" style=\"--awb-background-position:left top;--awb-border-sizes-top:0px;--awb-border-sizes-bottom:0px;--awb-border-sizes-left:0px;--awb-border-sizes-right:0px;--awb-border-radius-top-left:0px;--awb-border-radius-top-right:0px;--awb-border-radius-bottom-right:0px;--awb-border-radius-bottom-left:0px;--awb-padding-top:20px;--awb-padding-bottom:20px;--awb-margin-top:20px;--awb-flex-wrap:wrap;\" ><div class=\"fusion-builder-row fusion-row fusion-flex-align-items-flex-start fusion-flex-content-wrap\" style=\"max-width:1248px;margin-left: calc(-4% \/ 2 );margin-right: calc(-4% \/ 2 );\"><div class=\"fusion-layout-column fusion_builder_column fusion-builder-column-7 fusion_builder_column_1_1 1_1 fusion-flex-column fusion-flex-align-self-flex-start fusion-column-no-min-height\" style=\"--awb-bg-size:cover;--awb-width-large:100%;--awb-margin-top-large:0px;--awb-spacing-right-large:1.92%;--awb-margin-bottom-large:0px;--awb-spacing-left-large:1.92%;--awb-width-medium:100%;--awb-spacing-right-medium:1.92%;--awb-spacing-left-medium:1.92%;--awb-width-small:100%;--awb-spacing-right-small:1.92%;--awb-spacing-left-small:1.92%;\"><div class=\"fusion-column-wrapper fusion-flex-justify-content-flex-start fusion-content-layout-column\"><div class=\"fusion-text fusion-text-1\"><p style=\"text-align: justify\"><span class=\"fusion-dropcap dropcap dropcap-boxed\" style=\"--awb-border-radius:8px;--awb-background:#dd3333;\">\u00bf<\/span><\/p>\n<p style=\"text-align: justify\">Voy a comenzar con un relato:<\/p>\n<p style=\"text-align: justify;padding-left: 30px\">A los 16 a\u00f1os ya hab\u00eda dejado de ser el hijo \u00fanico enclenque que hasta entonces hab\u00eda sido. Una casualidad hizo que, al entrar en el Instituto, empezara a ir a clases de nataci\u00f3n en el barrio (\u2026) Gracias a eso, los hombros y mi pecho se ensancharon en un abrir y cerrar de ojos, mis m\u00fasculos se endurecieron. Deje de ser el ni\u00f1o que hab\u00eda sido, siempre en la cama con fiebre. Me pasaba horas ante el espejo del cuarto de ba\u00f1o, desnudo, estudi\u00e1ndome minuciosamente. Ante mis ojos mi cuerpo cambiaba tan de prisa como jam\u00e1s hab\u00eda so\u00f1ado. Me encantaba, no es que estuviera contento de ir acerc\u00e1ndome, paso a paso, a la madurez. M\u00e1s que el crecimiento en s\u00ed, me gustaba la metamorfosis que experimentaba. Me hac\u00eda feliz dejar de ser el yo que hab\u00eda sido. (Murakami, 2017, pp. 27-28)<\/p>\n<p style=\"text-align: justify\"><em>\u00a0 <\/em><\/p>\n<p style=\"text-align: justify\">\u00bfQui\u00e9n es el sujeto del enunciado? \u00bfSe trata de un trans en proceso de transformaci\u00f3n? No precisamente, sin embargo, podr\u00eda serlo. El p\u00e1rrafo forma parte de una novela de Haruki Murakami, donde el protagonista, un adolescente m\u00e1s, narra su sentir frente a sus cambios corporales y subjetivos.<\/p>\n<p style=\"text-align: justify\">Xavier Esqu\u00e9 marca que \u201cel real de la pubertad lo tenemos en la pujanza hormonal, en el surgimiento de los caracteres sexuales secundarios, en las manifestaciones de la libido\u201d (2017, p.58). Descripci\u00f3n del real en juego en los efectos del tratamiento hormonal al que se somete un sujeto que quiere cambiar de g\u00e9nero.<\/p>\n<p style=\"text-align: justify\">De esta manera, me sirvo de la literatura para plantear el modo en que pienso el proceso de transformaci\u00f3n a partir de la hormonizaci\u00f3n para el cambio de g\u00e9nero. Hay una segunda irrupci\u00f3n de cambios som\u00e1ticos, segunda irrupci\u00f3n de lo real en el cuerpo, otra pubertad inducida.<\/p>\n<\/div><\/div><\/div><\/div><\/div><div class=\"fusion-fullwidth fullwidth-box fusion-builder-row-5 fusion-flex-container nonhundred-percent-fullwidth non-hundred-percent-height-scrolling\" style=\"--awb-background-position:left top;--awb-border-sizes-top:0px;--awb-border-sizes-bottom:0px;--awb-border-sizes-left:0px;--awb-border-sizes-right:0px;--awb-border-radius-top-left:0px;--awb-border-radius-top-right:0px;--awb-border-radius-bottom-right:0px;--awb-border-radius-bottom-left:0px;--awb-padding-top:20px;--awb-padding-bottom:20px;--awb-flex-wrap:wrap;\" ><div class=\"fusion-builder-row fusion-row fusion-flex-align-items-flex-start fusion-flex-content-wrap\" style=\"max-width:1248px;margin-left: calc(-4% \/ 2 );margin-right: calc(-4% \/ 2 );\"><div class=\"fusion-layout-column fusion_builder_column fusion-builder-column-8 fusion_builder_column_1_1 1_1 fusion-flex-column fusion-flex-align-self-flex-start fusion-column-no-min-height\" style=\"--awb-bg-size:cover;--awb-width-large:100%;--awb-margin-top-large:0px;--awb-spacing-right-large:1.92%;--awb-margin-bottom-large:0px;--awb-spacing-left-large:1.92%;--awb-width-medium:100%;--awb-spacing-right-medium:1.92%;--awb-spacing-left-medium:1.92%;--awb-width-small:100%;--awb-spacing-right-small:1.92%;--awb-spacing-left-small:1.92%;\"><div class=\"fusion-column-wrapper fusion-flex-justify-content-flex-start fusion-content-layout-column\"><div class=\"fusion-title title fusion-title-2 sep-underline sep-solid fusion-title-text fusion-title-size-three\" style=\"--awb-margin-bottom:30px;--awb-sep-color:#dd3333;\"><h3 class=\"fusion-title-heading title-heading-left fusion-responsive-typography-calculated\" style=\"margin:0;--fontSize:20;--minFontSize:20;line-height:1.5;\">La pubertad. La adolescencia. Lo trans<\/h3><\/div><div class=\"fusion-text fusion-text-2\"><p style=\"text-align: justify\">Xavier Esqu\u00e9 en la publicaci\u00f3n del CIEC sobre \u201cJ\u00f3venes 2017\u201d, va a tomar la definici\u00f3n de s\u00edntoma como lo que viene al lugar de la no relaci\u00f3n sexual, al lugar del agujero producido por la falta de saber sobre el sexo en lo real. Siendo lo que en la pubertad, est\u00e1 en primer plano. Va a establecer la adolescencia como un s\u00edntoma, enunci\u00e1ndola como \u201cuna respuesta subjetiva al real de la pubertad\u201d, al real del despertar de la sexualidad, al goce femenino, a un goce que est\u00e1 m\u00e1s all\u00e1 del falo (2017, pp. 52-58).<\/p>\n<p style=\"text-align: justify\">Lo invariante de la \u00e9poca es que la sexualidad en el ser humano por el hecho del lenguaje, encuentra siempre un escollo. Lo que var\u00eda en cada \u00e9poca en funci\u00f3n del Otro social, del desplazamiento de los significantes amo, son los s\u00edntomas y su envoltura formal.<\/p>\n<p style=\"text-align: justify\">Entonces, si un sujeto trans se somete a una segunda pubertad inducida y elegida, podr\u00edamos pensar que en la subjetivaci\u00f3n de esos nuevos cambios \u00bfhabr\u00e1 un nuevo proceso adolescente? Y si la adolescencia es un s\u00edntoma, \u00bfLo trans podr\u00eda pensarse como una presentaci\u00f3n sintom\u00e1tica de la \u00e9poca? \u00bfLo trans como una respuesta subjetiva frente a un real, a lo que del sexo es indecible?<\/p>\n<p style=\"text-align: justify\">El modo en el que Freud trabaja el proceso puberal, permite plantear una relaci\u00f3n posible entre el significante \u201ctrans\u201d<a href=\"#_edn1\" name=\"_ednref1\">[1]<\/a> y la pubertad.<\/p>\n<p style=\"text-align: justify\">En 1905 escribe \u201cTres ensayos sobre Teor\u00eda sexual\u201d. El apartado donde aborda los cambios som\u00e1ticos, \u201cMetamorfosis de la pubertad\u201d se titula en alem\u00e1n \u201c<em>Umgestaltung der pubertat\u201d.<\/em> En L\u00f3pez Ballesteros, se lo conoce como: \u201cMetamorfosis de la pubertad\u201d. La versi\u00f3n francesa traduce como <em>\u201cTransformations de la puberte\u201d.Umgestaltung<\/em> se traduce (Lenguee) como reforma, reestructuraci\u00f3n, m\u00e1s precisamente como Trans-formaci\u00f3n.<\/p>\n<p style=\"text-align: justify\">As\u00ed, trans-g\u00e9nero y pubertad, tienen en com\u00fan el prefijo \u201ctrans\u201d en su significaci\u00f3n, compartiendo los significados de trans-formaci\u00f3n, cambio, remodelaci\u00f3n, reconfiguraci\u00f3n y metamorfosis.<\/p>\n<p style=\"text-align: justify\">Sabemos que la pubertad se produce. Es el encuentro traum\u00e1tico con la falta de saber sobre el sexo. Momento en el que confluyen cuestiones cruciales:<\/p>\n<p style=\"text-align: justify\">&#8211; el joven se plantea la pregunta del ser, quiere ser alguien.<\/p>\n<p style=\"text-align: justify\">&#8211; tendr\u00e1 que arregl\u00e1rselas con: la perturbaci\u00f3n de las transformaciones de la forma e imagen del cuerpo y con los desbordes pulsionales y su imposibilidad de control.<\/p>\n<p style=\"text-align: justify\">&#8211; la necesidad de soltarse de la familia.<\/p>\n<p style=\"text-align: justify\">&#8211; el surgimiento desde otro registro del enigma del deseo del Otro, desde el registro sexual. \u00bfC\u00f3mo hacer con el Otro sexo? Lacan nos ense\u00f1a en <em>El despertar de la primavera,<\/em> que el despertar de los sue\u00f1os es fundamental en el p\u00faber para el encuentro con el Otro sexo, remarcando como la \u201csexualidad hace agujero en lo real\u201d donde nadie puede zafarse bien del asunto. (1988 [2010], p.110). Estos sue\u00f1os, enmarcados en el fantasma, le permiten al sujeto enfrentar ese encuentro con el Otro sexo.<\/p>\n<p style=\"text-align: justify\">Es a todo esto lo que el adolescente tiene que hacer frente. Est\u00e1n los que encuentran, inventan o reinventan su salida y se orientan por los discursos establecidos a partir del Nombre del padre y del ideal del yo. Y est\u00e1n los que fabrican nuevos s\u00edntomas, cuando tienen dificultades de servirse del padre. \u201cCuando un sujeto, precisamente, tiene dificultades para servirse del padre, entonces lo que puede venir como soluci\u00f3n es un nuevo s\u00edntoma\u201d (Esqu\u00e9, 2017, p.57)<\/p>\n<p style=\"text-align: justify\">Es en este \u00faltimo grupo donde ubico lo Lo trans como una respuesta subjetiva identificatoria que viene al lugar del agujero producido por la falta de saber sobre el sexo en lo real, en la \u00e9poca de la alianza entre la ciencia y el mercado. Lo trans como la invenci\u00f3n o la reinvenci\u00f3n de una salida, no orientada por el Nombre del padre y el ideal del yo. Una soluci\u00f3n encontrada en la adolescencia, a la cual habr\u00e1 que ver que transformaci\u00f3n le aplica a esa soluci\u00f3n. La transformaci\u00f3n asignada, podr\u00eda dar cuanta de algunas de las terminolog\u00edas utilizadas para definir lo trans: transgenero, transexual, travestis y otras.<\/p>\n<p style=\"text-align: justify\">Cada uno debe hacer frente a los imposibles: por el semblante, lo har\u00e1n algunos. Por actos en el cuerpo, otros. Por la inscripci\u00f3n de una nueva designaci\u00f3n catastral que pase por el Otro jur\u00eddico, otros.<\/p>\n<p style=\"text-align: justify\">Con el tratamiento hormonal el sujeto trans, vuelve a experimentar todos esos cambios descriptos, por segunda vez, de una manera diferente. Eso que no cesa de no escribirse, necesita de un otro pasaje por lo real, no sin lo simb\u00f3lico y lo imaginario, para que algo cese de no escribirse, para que algo se inscriba, se reformule, se reinvente, en este segundo pasaje.<\/p>\n<\/div><\/div><\/div><\/div><\/div><div class=\"fusion-fullwidth fullwidth-box fusion-builder-row-6 fusion-flex-container nonhundred-percent-fullwidth non-hundred-percent-height-scrolling\" style=\"--awb-background-position:left top;--awb-border-sizes-top:0px;--awb-border-sizes-bottom:0px;--awb-border-sizes-left:0px;--awb-border-sizes-right:0px;--awb-border-radius-top-left:0px;--awb-border-radius-top-right:0px;--awb-border-radius-bottom-right:0px;--awb-border-radius-bottom-left:0px;--awb-padding-top:20px;--awb-padding-bottom:20px;--awb-flex-wrap:wrap;\" ><div class=\"fusion-builder-row fusion-row fusion-flex-align-items-flex-start fusion-flex-content-wrap\" style=\"max-width:1248px;margin-left: calc(-4% \/ 2 );margin-right: calc(-4% \/ 2 );\"><div class=\"fusion-layout-column fusion_builder_column fusion-builder-column-9 fusion_builder_column_1_1 1_1 fusion-flex-column fusion-flex-align-self-flex-start fusion-column-no-min-height\" style=\"--awb-bg-size:cover;--awb-width-large:100%;--awb-margin-top-large:0px;--awb-spacing-right-large:1.92%;--awb-margin-bottom-large:0px;--awb-spacing-left-large:1.92%;--awb-width-medium:100%;--awb-spacing-right-medium:1.92%;--awb-spacing-left-medium:1.92%;--awb-width-small:100%;--awb-spacing-right-small:1.92%;--awb-spacing-left-small:1.92%;\"><div class=\"fusion-column-wrapper fusion-flex-justify-content-flex-start fusion-content-layout-column\"><div class=\"fusion-title title fusion-title-3 sep-underline sep-solid fusion-title-text fusion-title-size-three\" style=\"--awb-margin-bottom:30px;--awb-sep-color:#dd3333;\"><h3 class=\"fusion-title-heading title-heading-left fusion-responsive-typography-calculated\" style=\"margin:0;--fontSize:20;--minFontSize:20;line-height:1.5;\">La cl\u00ednica<\/h3><\/div><div class=\"fusion-text fusion-text-3\"><p style=\"text-align: justify\">Tal como ocurre con el adolescente, la invenci\u00f3n singular puede cristalizarse d\u00e1ndose una nueva forma en el mundo en el momento de transformaci\u00f3n y as\u00ed operar una buena v\u00eda de salida. Para ello, en el joven el reconocimiento simb\u00f3lico es imprescindible, marca Esqu\u00e9 (2017).\u00a0\u00a0 Esto es, que haya otro que le diga que si a la invenci\u00f3n singular. Es algo a tener en cuanta en el tratamiento con j\u00f3venes y yo agregar\u00eda tambi\u00e9n, porque no, con sujetos trans. En palabras de Ansermet (2018): hay que tomar lo que trae, la elecci\u00f3n como un hecho. De no hacerlo, resulta violento e insoportable para ellos.<\/p>\n<p style=\"text-align: justify\">Xavier Esqu\u00e9 (2017) propone una orientaci\u00f3n en la cl\u00ednica con los adolescentes frente a los llamados nuevos s\u00edntomas. Estos que se presentan como modos de goce, pretende ponerlos a hablar. Apuntar a la responsabilidad del sujeto por sus pr\u00e1cticas y sus modos de gozar, sabiendo que son nuevos modos de rechazo del saber y del amor, del inconsciente, defensas para esquivar la maldici\u00f3n del sexo.<\/p>\n<p style=\"text-align: justify\">Las coordenadas que orientan la cl\u00ednica con j\u00f3venes encuentran una cercan\u00eda con las l\u00edneas que propone Francois Ansermet (2018) para acompa\u00f1ar a sujetos trans. Quien va a decir que tenemos que reinventar lo que sabemos en psicoan\u00e1lisis frente a lo que el sujeto trae, inventar otro modo de hablar.<\/p>\n<p style=\"text-align: justify\">Va a aclarar que los sujetos trans se dan una nueva existencia, son sujetos que quieren renacer por segunda vez, darse a s\u00ed mismos, ser otros que s\u00ed mismos, frente a lo insoportable de su origen. Se dan otro cuerpo, otra identidad.<\/p>\n<p style=\"text-align: justify\">Defini\u00e9ndola como una cl\u00ednica de lo real, la orientaci\u00f3n no es por la estructura. Propone orientarnos por el <em>sinthome<\/em>. El sujeto construye soluciones, a las que les aplica transformaciones, eso nos concierne en transferencia, poniendo \u00e9nfasis en la atenci\u00f3n que hay que prestar a las soluciones sintom\u00e1ticas paralelas. Siendo preciso entrar en <em>lalengua<\/em> de cada uno.<\/p>\n<p style=\"text-align: justify\">Aclara que es una cl\u00ednica llena de peligros, derrumbes y arrepentimientos, en la que hay que deslizarse como en un baile, o como un equilibrista con el hilo.<\/p>\n<p style=\"text-align: justify\">Propone introducir e tiempo en la cr\u00f3nica del malestar. Asume una modificaci\u00f3n al sofisma lacaniano de los tiempos. Entre el instante de ver y el momento de concluir, es preciso introducir el momento para inventar. Siendo la transferencia la que hace soporte a ese momento de inventar.<\/p>\n<p style=\"text-align: justify\">Eric Laurent aporta una orientaci\u00f3n para la cl\u00ednica.<em> \u201c<\/em>Todos tenemos que inventarnos un padre que nos reconoce o nos rechaza, hasta si un sujeto quiere ser auto engendrado (\u2026). La producci\u00f3n de esta perversi\u00f3n paterna, en cada caso, debe ser el tema de nuestra investigaci\u00f3n cl\u00ednica\u201d (Laurent, 2013, p190).<\/p>\n<p style=\"text-align: justify\">De esta manera, el psicoan\u00e1lisis de orientaci\u00f3n lacaniana y la escucha a sujetos trans me han ense\u00f1ado que no conviene quedar aspirados por el amor al padre porque, eso, nos vuelve inoperantes. La \u00e9poca produce tambi\u00e9n sus propios tratamientos del goce y es conveniente hacer el esfuerzo de leerlos dej\u00e1ndose ense\u00f1ar, entrando en <em>lalengua<\/em> particular de cada uno, porque eso orienta respecto de un tratamiento posible.<\/p>\n<\/div><\/div><\/div><\/div><\/div><div class=\"fusion-fullwidth fullwidth-box fusion-builder-row-7 fusion-flex-container nonhundred-percent-fullwidth non-hundred-percent-height-scrolling\" style=\"--awb-border-radius-top-left:0px;--awb-border-radius-top-right:0px;--awb-border-radius-bottom-right:0px;--awb-border-radius-bottom-left:0px;--awb-margin-top:40px;--awb-flex-wrap:wrap;\" ><div class=\"fusion-builder-row fusion-row fusion-flex-align-items-flex-start fusion-flex-content-wrap\" style=\"max-width:1248px;margin-left: calc(-4% \/ 2 );margin-right: calc(-4% \/ 2 );\"><div class=\"fusion-layout-column fusion_builder_column fusion-builder-column-10 fusion_builder_column_1_1 1_1 fusion-flex-column\" style=\"--awb-bg-size:cover;--awb-width-large:100%;--awb-margin-top-large:0px;--awb-spacing-right-large:1.92%;--awb-margin-bottom-large:20px;--awb-spacing-left-large:1.92%;--awb-width-medium:100%;--awb-spacing-right-medium:1.92%;--awb-spacing-left-medium:1.92%;--awb-width-small:100%;--awb-spacing-right-small:1.92%;--awb-spacing-left-small:1.92%;\"><div class=\"fusion-column-wrapper fusion-flex-justify-content-flex-start fusion-content-layout-column\"><div class=\"fusion-text fusion-text-4\"><p style=\"text-align: justify\"><a href=\"#_ednref1\" name=\"_edn1\">[1]<\/a>\u00a0Se utiliza el significante trans para aludir a lo trans en general, incluyendo lo transgenero,\u00a0 la transexualidad,\u00a0 las identidades trans, etc. Considerando que son terminolog\u00edas provisorias de lo que Ansermet, F. (2014) nombra como genero fluido.<\/p>\n<\/div><\/div><\/div><\/div><\/div><div class=\"fusion-fullwidth fullwidth-box fusion-builder-row-8 fusion-flex-container nonhundred-percent-fullwidth non-hundred-percent-height-scrolling\" style=\"--awb-background-position:left top;--awb-border-sizes-top:0px;--awb-border-sizes-bottom:0px;--awb-border-sizes-left:0px;--awb-border-sizes-right:0px;--awb-border-radius-top-left:0px;--awb-border-radius-top-right:0px;--awb-border-radius-bottom-right:0px;--awb-border-radius-bottom-left:0px;--awb-padding-top:20px;--awb-padding-bottom:20px;--awb-flex-wrap:wrap;\" ><div class=\"fusion-builder-row fusion-row fusion-flex-align-items-flex-start fusion-flex-content-wrap\" style=\"max-width:1248px;margin-left: calc(-4% \/ 2 );margin-right: calc(-4% \/ 2 );\"><div class=\"fusion-layout-column fusion_builder_column fusion-builder-column-11 fusion_builder_column_1_1 1_1 fusion-flex-column fusion-flex-align-self-flex-start fusion-column-no-min-height\" style=\"--awb-bg-size:cover;--awb-width-large:100%;--awb-margin-top-large:0px;--awb-spacing-right-large:1.92%;--awb-margin-bottom-large:0px;--awb-spacing-left-large:1.92%;--awb-width-medium:100%;--awb-spacing-right-medium:1.92%;--awb-spacing-left-medium:1.92%;--awb-width-small:100%;--awb-spacing-right-small:1.92%;--awb-spacing-left-small:1.92%;\"><div class=\"fusion-column-wrapper fusion-flex-justify-content-flex-start fusion-content-layout-column\"><div class=\"fusion-title title fusion-title-4 sep-underline sep-solid fusion-title-text fusion-title-size-three\" style=\"--awb-margin-bottom:30px;--awb-sep-color:#dd3333;\"><h3 class=\"fusion-title-heading title-heading-left fusion-responsive-typography-calculated\" style=\"margin:0;--fontSize:20;--minFontSize:20;line-height:1.5;\">Referencias<\/h3><\/div><\/div><\/div><div class=\"fusion-layout-column fusion_builder_column fusion-builder-column-12 fusion_builder_column_1_1 1_1 fusion-flex-column fusion-flex-align-self-flex-start fusion-column-no-min-height\" style=\"--awb-bg-size:cover;--awb-width-large:100%;--awb-margin-top-large:0px;--awb-spacing-right-large:1.92%;--awb-margin-bottom-large:0px;--awb-spacing-left-large:1.92%;--awb-width-medium:100%;--awb-spacing-right-medium:1.92%;--awb-spacing-left-medium:1.92%;--awb-width-small:100%;--awb-spacing-right-small:1.92%;--awb-spacing-left-small:1.92%;\"><div class=\"fusion-column-wrapper fusion-flex-justify-content-flex-start fusion-content-layout-column\"><ul style=\"--awb-size:15px;--awb-iconcolor:#dd3333;--awb-line-height:25.5px;--awb-icon-width:25.5px;--awb-icon-height:25.5px;--awb-icon-margin:10.5px;--awb-content-margin:36px;\" class=\"fusion-checklist fusion-checklist-1 fusion-checklist-default type-icons\"><li class=\"fusion-li-item\" style=\"\"><span class=\"icon-wrapper circle-no\"><i class=\"fusion-li-icon fa-minus fas\" aria-hidden=\"true\"><\/i><\/span><div class=\"fusion-li-item-content\">\n<p style=\"text-align: justify\">Ansermet, F. (Abril, 2018). (Comunicaci\u00f3n personal). Conversaci\u00f3n cl\u00ednica del Observatorio de g\u00e9nero, biopol\u00edtica y transexualidad, Congreso Mundial de Psicoan\u00e1lisis:<em> \u201cPsicosis ordinarias: bajo transferencia\u201d.<\/em>\u00a0 Barcelona, Espa\u00f1a.<\/p>\n<\/div><\/li><li class=\"fusion-li-item\" style=\"\"><span class=\"icon-wrapper circle-no\"><i class=\"fusion-li-icon fa-minus fas\" aria-hidden=\"true\"><\/i><\/span><div class=\"fusion-li-item-content\">\n<p style=\"text-align: justify\">Ansermet, F. (2014). \u201cElegir el propio sexo: Usos contempor\u00e1neos de la diferencia sexual<em>\u201d,<\/em> en <em>Virtualia<\/em>, Revista digital de la escuela de orientaci\u00f3n lacaniana. Noviembre, 2014. N\u00fam. 29. Disponible en http:\/\/revistavirtualia.com\/<\/p>\n<\/div><\/li><li class=\"fusion-li-item\" style=\"\"><span class=\"icon-wrapper circle-no\"><i class=\"fusion-li-icon fa-minus fas\" aria-hidden=\"true\"><\/i><\/span><div class=\"fusion-li-item-content\">\n<p style=\"text-align: justify\">Esqu\u00e9, X. (2017). <em>J\u00f3venes 2017<\/em>. <em>Inhibiciones, S\u00edntomas y Angustias.<\/em> Publicaci\u00f3n del CIEC. Colecci\u00f3n Grulla. C\u00f3rdoba: Editorial Babel.<\/p>\n<\/div><\/li><li class=\"fusion-li-item\" style=\"\"><span class=\"icon-wrapper circle-no\"><i class=\"fusion-li-icon fa-minus fas\" aria-hidden=\"true\"><\/i><\/span><div class=\"fusion-li-item-content\">\n<p style=\"text-align: justify\">Freud, S. (1905 [1995]). \u201cTres Ensayos de Teor\u00eda Sexual\u201d.\u00a0 En <em>Obras completas<\/em>, Tomo VII. Buenos Aires: Amorrortu editores.<\/p>\n<\/div><\/li><li class=\"fusion-li-item\" style=\"\"><span class=\"icon-wrapper circle-no\"><i class=\"fusion-li-icon fa-minus fas\" aria-hidden=\"true\"><\/i><\/span><div class=\"fusion-li-item-content\">\n<p style=\"text-align: justify\">Lacan, J. (1988 [2010]). \u201cEl despertar de la primavera\u201d. <em>En Intervenciones y textos 2<\/em>. Bs. As: Editorial Manantial.<\/p>\n<\/div><\/li><li class=\"fusion-li-item\" style=\"\"><span class=\"icon-wrapper circle-no\"><i class=\"fusion-li-icon fa-minus fas\" aria-hidden=\"true\"><\/i><\/span><div class=\"fusion-li-item-content\">\n<p style=\"text-align: justify\">Laurent, E. (2013).\u00a0 \u201cUn nuevo amor por el padre\u201d, en Torres, M., Schnitzer, G., Antu\u00f1a, A., Peidro, S. (Eds.). <em>\u00a0Transformaciones: Ley, diversidad, sexuacion. <\/em>Bs. As: Editorial Grama.<\/p>\n<\/div><\/li><li class=\"fusion-li-item\" style=\"\"><span class=\"icon-wrapper circle-no\"><i class=\"fusion-li-icon fa-minus fas\" aria-hidden=\"true\"><\/i><\/span><div class=\"fusion-li-item-content\">\n<p style=\"text-align: justify\">Murakami, H. (2017).\u00a0\u00a0 <em>Al sur de la frontera, al oeste del sol<\/em>. Bs. As.: Editorial Tusquets.<\/p>\n<\/div><\/li><li class=\"fusion-li-item\" style=\"\"><span class=\"icon-wrapper circle-no\"><i class=\"fusion-li-icon fa-minus fas\" aria-hidden=\"true\"><\/i><\/span><div class=\"fusion-li-item-content\">\n<p>Umgestaltung (s.f). En Lingee. Recuperado de http\/\/www.linguee.es\/<\/p>\n<\/div><\/li><\/ul><\/div><\/div><\/div><\/div><\/p>\n","protected":false},"excerpt":{"rendered":"","protected":false},"author":1,"featured_media":0,"menu_order":0,"comment_status":"open","ping_status":"closed","template":"","format":"standard","meta":{"footnotes":""},"portfolio_category":[],"portfolio_skills":[],"portfolio_tags":[],"class_list":["post-650","avada_portfolio","type-avada_portfolio","status-publish","format-standard","hentry"],"_links":{"self":[{"href":"http:\/\/matpsil.com\/revista-lapso\/wp-json\/wp\/v2\/avada_portfolio\/650","targetHints":{"allow":["GET"]}}],"collection":[{"href":"http:\/\/matpsil.com\/revista-lapso\/wp-json\/wp\/v2\/avada_portfolio"}],"about":[{"href":"http:\/\/matpsil.com\/revista-lapso\/wp-json\/wp\/v2\/types\/avada_portfolio"}],"author":[{"embeddable":true,"href":"http:\/\/matpsil.com\/revista-lapso\/wp-json\/wp\/v2\/users\/1"}],"replies":[{"embeddable":true,"href":"http:\/\/matpsil.com\/revista-lapso\/wp-json\/wp\/v2\/comments?post=650"}],"version-history":[{"count":2,"href":"http:\/\/matpsil.com\/revista-lapso\/wp-json\/wp\/v2\/avada_portfolio\/650\/revisions"}],"predecessor-version":[{"id":2038,"href":"http:\/\/matpsil.com\/revista-lapso\/wp-json\/wp\/v2\/avada_portfolio\/650\/revisions\/2038"}],"wp:attachment":[{"href":"http:\/\/matpsil.com\/revista-lapso\/wp-json\/wp\/v2\/media?parent=650"}],"wp:term":[{"taxonomy":"portfolio_category","embeddable":true,"href":"http:\/\/matpsil.com\/revista-lapso\/wp-json\/wp\/v2\/portfolio_category?post=650"},{"taxonomy":"portfolio_skills","embeddable":true,"href":"http:\/\/matpsil.com\/revista-lapso\/wp-json\/wp\/v2\/portfolio_skills?post=650"},{"taxonomy":"portfolio_tags","embeddable":true,"href":"http:\/\/matpsil.com\/revista-lapso\/wp-json\/wp\/v2\/portfolio_tags?post=650"}],"curies":[{"name":"wp","href":"https:\/\/api.w.org\/{rel}","templated":true}]}}