{"id":638,"date":"2018-12-26T22:02:38","date_gmt":"2018-12-27T01:02:38","guid":{"rendered":"http:\/\/matpsil.com\/revista-lapso\/\/?post_type=avada_portfolio&#038;p=638"},"modified":"2023-12-06T03:12:09","modified_gmt":"2023-12-06T02:12:09","slug":"carrasco-lo-imaginario-en-lacan-aa-vv","status":"publish","type":"avada_portfolio","link":"http:\/\/matpsil.com\/revista-lapso\/portfolio-items\/carrasco-lo-imaginario-en-lacan-aa-vv\/","title":{"rendered":"CARRASCO | Lo imaginario en Lacan \u2013 AA.VV."},"content":{"rendered":"<p><div class=\"fusion-fullwidth fullwidth-box fusion-builder-row-1 fusion-flex-container nonhundred-percent-fullwidth non-hundred-percent-height-scrolling\" style=\"--awb-border-radius-top-left:0px;--awb-border-radius-top-right:0px;--awb-border-radius-bottom-right:0px;--awb-border-radius-bottom-left:0px;--awb-flex-wrap:wrap;\" ><div class=\"fusion-builder-row fusion-row fusion-flex-align-items-flex-start fusion-flex-content-wrap\" style=\"max-width:1248px;margin-left: calc(-4% \/ 2 );margin-right: calc(-4% \/ 2 );\"><div class=\"fusion-layout-column fusion_builder_column fusion-builder-column-0 fusion_builder_column_1_1 1_1 fusion-flex-column\" style=\"--awb-bg-size:cover;--awb-width-large:100%;--awb-margin-top-large:0px;--awb-spacing-right-large:1.92%;--awb-margin-bottom-large:20px;--awb-spacing-left-large:1.92%;--awb-width-medium:100%;--awb-spacing-right-medium:1.92%;--awb-spacing-left-medium:1.92%;--awb-width-small:100%;--awb-spacing-right-small:1.92%;--awb-spacing-left-small:1.92%;\"><div class=\"fusion-column-wrapper fusion-flex-justify-content-flex-start fusion-content-layout-column\"><div class=\"fusion-modal modal fade modal-1 carrasco\" tabindex=\"-1\" role=\"dialog\" aria-labelledby=\"modal-heading-1\" aria-hidden=\"true\" style=\"--awb-border-color:#ebebeb;--awb-background:#f6f6f6;\"><div class=\"modal-dialog modal-lg\" role=\"document\"><div class=\"modal-content fusion-modal-content\"><div class=\"modal-header\"><button class=\"close\" type=\"button\" data-dismiss=\"modal\" aria-hidden=\"true\" aria-label=\"Close\">&times;<\/button><h3 class=\"modal-title\" id=\"modal-heading-1\" data-dismiss=\"modal\" aria-hidden=\"true\">Joaquin Carrasco<\/h3><\/div><div class=\"modal-body fusion-clearfix\">\n<p>Universidad Nacional de San Mart\u00edn (UNSAM)<\/p>\n<p>joaquin.carrasco.b@gmail.com<\/p>\n<\/div><\/div><\/div><\/div><\/div><\/div><\/div><\/div><div class=\"fusion-fullwidth fullwidth-box fusion-builder-row-2 fusion-flex-container nonhundred-percent-fullwidth non-hundred-percent-height-scrolling\" style=\"--awb-background-position:left top;--awb-border-sizes-top:0px;--awb-border-sizes-bottom:0px;--awb-border-sizes-left:0px;--awb-border-sizes-right:0px;--awb-border-radius-top-left:0px;--awb-border-radius-top-right:0px;--awb-border-radius-bottom-right:0px;--awb-border-radius-bottom-left:0px;--awb-padding-top:20px;--awb-padding-bottom:20px;--awb-flex-wrap:wrap;\" ><div class=\"fusion-builder-row fusion-row fusion-flex-align-items-flex-start fusion-flex-content-wrap\" style=\"max-width:1248px;margin-left: calc(-4% \/ 2 );margin-right: calc(-4% \/ 2 );\"><div class=\"fusion-layout-column fusion_builder_column fusion-builder-column-1 fusion_builder_column_1_1 1_1 fusion-flex-column fusion-flex-align-self-flex-start fusion-column-no-min-height\" style=\"--awb-bg-size:cover;--awb-width-large:100%;--awb-margin-top-large:0px;--awb-spacing-right-large:1.92%;--awb-margin-bottom-large:0px;--awb-spacing-left-large:1.92%;--awb-width-medium:100%;--awb-spacing-right-medium:1.92%;--awb-spacing-left-medium:1.92%;--awb-width-small:100%;--awb-spacing-right-small:1.92%;--awb-spacing-left-small:1.92%;\"><div class=\"fusion-column-wrapper fusion-flex-justify-content-flex-start fusion-content-layout-column\"><div class=\"fusion-title title fusion-title-1 sep-underline sep-solid fusion-title-center fusion-title-text fusion-title-size-two\"><h2 class=\"fusion-title-heading title-heading-center fusion-responsive-typography-calculated\" style=\"margin:0;--fontSize:25;--minFontSize:25;line-height:1.5;\">RESE\u00d1A: Lo imaginario en Lacan \u2013 AA.VV<\/h2><\/div><\/div><\/div><div class=\"fusion-layout-column fusion_builder_column fusion-builder-column-2 fusion_builder_column_1_6 1_6 fusion-flex-column fusion-no-small-visibility\" style=\"--awb-bg-size:cover;--awb-width-large:16.666666666667%;--awb-margin-top-large:0px;--awb-spacing-right-large:11.52%;--awb-margin-bottom-large:20px;--awb-spacing-left-large:11.52%;--awb-width-medium:16.666666666667%;--awb-spacing-right-medium:11.52%;--awb-spacing-left-medium:11.52%;--awb-width-small:100%;--awb-spacing-right-small:1.92%;--awb-spacing-left-small:1.92%;\"><div class=\"fusion-column-wrapper fusion-flex-justify-content-flex-start fusion-content-layout-column\"><\/div><\/div><div class=\"fusion-layout-column fusion_builder_column fusion-builder-column-3 fusion_builder_column_2_3 2_3 fusion-flex-column\" style=\"--awb-bg-size:cover;--awb-width-large:66.666666666667%;--awb-margin-top-large:0px;--awb-spacing-right-large:2.88%;--awb-margin-bottom-large:20px;--awb-spacing-left-large:2.88%;--awb-width-medium:66.666666666667%;--awb-spacing-right-medium:2.88%;--awb-spacing-left-medium:2.88%;--awb-width-small:100%;--awb-spacing-right-small:1.92%;--awb-spacing-left-small:1.92%;\"><div class=\"fusion-column-wrapper fusion-flex-justify-content-flex-start fusion-content-layout-column\"><style type='text\/css'>.reading-box-container-1 .element-bottomshadow:before,.reading-box-container-1 .element-bottomshadow:after{opacity:0.70;}<\/style><div class=\"fusion-reading-box-container reading-box-container-1 fusion-animated\" style=\"--awb-title-color:#333333;--awb-margin-top:0px;--awb-margin-bottom:84px;\" data-animationType=\"fadeInUp\" data-animationDuration=\"0.5\" data-animationOffset=\"top-into-view\"><div class=\"reading-box reading-box-center element-bottomshadow\" style=\"background-color:#ecf0f5;border-width:1px;border-color:#f6f6f6;border-top-width:3px;border-top-color:var(--primary_color);border-style:solid;\"><h2>JOAQU\u00cdN CARRASCO<\/h2><div class=\"reading-box-additional fusion-reading-box-additional\">\n<div class=\"fusion-aligncenter\"><a class=\"fusion-button button-flat fusion-button-default-size button-custom fusion-button-default button-1 fusion-button-default-span fusion-button-default-type\" style=\"--button_accent_color:#333333;--button_accent_hover_color:#333333;--button_border_hover_color:#333333;--button_border_width-top:1px;--button_border_width-right:1px;--button_border_width-bottom:1px;--button_border_width-left:1px;--button-border-radius-top-left:25px;--button-border-radius-top-right:25px;--button-border-radius-bottom-right:25px;--button-border-radius-bottom-left:25px;--button_gradient_top_color:rgba(181,41,41,0);--button_gradient_bottom_color:rgba(181,41,41,0);--button_gradient_top_color_hover:rgba(0,0,0,0.1);--button_gradient_bottom_color_hover:rgba(0,0,0,0.1);\" target=\"_self\" href=\"#\" data-toggle=\"modal\" data-target=\".fusion-modal.carrasco\"><span class=\"fusion-button-text\"><\/span><i class=\" fa fa-user button-icon-center\" aria-hidden=\"true\"><\/i><\/a><\/div>\n<\/div><div class=\"fusion-clearfix\"><\/div><\/div><\/div><\/div><\/div><div class=\"fusion-layout-column fusion_builder_column fusion-builder-column-4 fusion_builder_column_1_6 1_6 fusion-flex-column fusion-no-small-visibility\" style=\"--awb-bg-size:cover;--awb-width-large:16.666666666667%;--awb-margin-top-large:0px;--awb-spacing-right-large:11.52%;--awb-margin-bottom-large:20px;--awb-spacing-left-large:11.52%;--awb-width-medium:16.666666666667%;--awb-spacing-right-medium:11.52%;--awb-spacing-left-medium:11.52%;--awb-width-small:100%;--awb-spacing-right-small:1.92%;--awb-spacing-left-small:1.92%;\"><div class=\"fusion-column-wrapper fusion-flex-justify-content-flex-start fusion-content-layout-column\"><\/div><\/div><div class=\"fusion-layout-column fusion_builder_column fusion-builder-column-5 fusion_builder_column_1_1 1_1 fusion-flex-column\" style=\"--awb-bg-size:cover;--awb-width-large:100%;--awb-margin-top-large:0px;--awb-spacing-right-large:1.92%;--awb-margin-bottom-large:20px;--awb-spacing-left-large:1.92%;--awb-width-medium:100%;--awb-spacing-right-medium:1.92%;--awb-spacing-left-medium:1.92%;--awb-width-small:100%;--awb-spacing-right-small:1.92%;--awb-spacing-left-small:1.92%;\"><div class=\"fusion-column-wrapper fusion-flex-justify-content-flex-start fusion-content-layout-column\"><div style=\"text-align:right;\"><a class=\"fusion-button button-flat button-small button-custom fusion-button-default button-2 fusion-button-default-span fusion-button-default-type\" style=\"--button_accent_color:#333333;--button_border_color:#333333;--button_accent_hover_color:#333333;--button_border_hover_color:#333333;--button_border_width-top:1px;--button_border_width-right:1px;--button_border_width-bottom:1px;--button_border_width-left:1px;--button-border-radius-top-left:0;--button-border-radius-top-right:0;--button-border-radius-bottom-right:0;--button-border-radius-bottom-left:0;--button_gradient_top_color:rgba(181,41,41,0);--button_gradient_bottom_color:rgba(181,41,41,0);--button_gradient_top_color_hover:rgba(0,0,0,0.3);--button_gradient_bottom_color_hover:rgba(0,0,0,0.3);\" target=\"_blank\" rel=\"noopener noreferrer\" href=\"http:\/\/matpsil.com\/revista-lapso\/wp-content\/uploads\/sites\/2\/2023\/12\/CARRASCO-Lo-imaginario-en-Lacan.pdf\"><i class=\"fa-download fas button-icon-left\" aria-hidden=\"true\"><\/i><span class=\"fusion-button-text\">PDF<\/span><\/a><\/div><\/div><\/div><\/div><\/div><div class=\"fusion-fullwidth fullwidth-box fusion-builder-row-3 fusion-flex-container nonhundred-percent-fullwidth non-hundred-percent-height-scrolling\" style=\"--awb-background-position:left top;--awb-border-sizes-top:0px;--awb-border-sizes-bottom:0px;--awb-border-sizes-left:0px;--awb-border-sizes-right:0px;--awb-border-radius-top-left:0px;--awb-border-radius-top-right:0px;--awb-border-radius-bottom-right:0px;--awb-border-radius-bottom-left:0px;--awb-padding-top:20px;--awb-padding-bottom:20px;--awb-flex-wrap:wrap;\" ><div class=\"fusion-builder-row fusion-row fusion-flex-align-items-flex-start fusion-flex-content-wrap\" style=\"max-width:1248px;margin-left: calc(-4% \/ 2 );margin-right: calc(-4% \/ 2 );\"><div class=\"fusion-layout-column fusion_builder_column fusion-builder-column-6 fusion_builder_column_1_1 1_1 fusion-flex-column fusion-flex-align-self-flex-start fusion-column-no-min-height\" style=\"--awb-bg-size:cover;--awb-width-large:100%;--awb-margin-top-large:0px;--awb-spacing-right-large:1.92%;--awb-margin-bottom-large:0px;--awb-spacing-left-large:1.92%;--awb-width-medium:100%;--awb-spacing-right-medium:1.92%;--awb-spacing-left-medium:1.92%;--awb-width-small:100%;--awb-spacing-right-small:1.92%;--awb-spacing-left-small:1.92%;\"><div class=\"fusion-column-wrapper fusion-flex-justify-content-flex-start fusion-content-layout-column\"><div class=\"fusion-image-element \" style=\"text-align:left;--awb-caption-title-font-family:var(--h2_typography-font-family);--awb-caption-title-font-weight:var(--h2_typography-font-weight);--awb-caption-title-font-style:var(--h2_typography-font-style);--awb-caption-title-size:var(--h2_typography-font-size);--awb-caption-title-transform:var(--h2_typography-text-transform);--awb-caption-title-line-height:var(--h2_typography-line-height);--awb-caption-title-letter-spacing:var(--h2_typography-letter-spacing);\"><span class=\" fusion-imageframe imageframe-none imageframe-1 hover-type-none\"><img decoding=\"async\" src=\"http:\/\/matpsil.com\/revista-lapso\/wp-content\/uploads\/sites\/2\/2018\/12\/TUDANCA-Lo-imaginario-en-Lacan.jpg\" alt class=\"img-responsive\"\/><\/span><\/div><div class=\"fusion-text fusion-text-1\"><p style=\"text-align: justify\"><span class=\"fusion-dropcap dropcap dropcap-boxed\" style=\"--awb-border-radius:8px;--awb-background:#dd3333;\">l<\/span>uis Tudanca, Paula Gil, Ruth Gorenberg y Graciela Rodr\u00edguez de Milano son los compiladores de Lo imaginario en Lacan (2017), publicaci\u00f3n que re\u00fane 18 textos, incluido el pr\u00f3logo. En sus 182 p\u00e1ginas encontrar\u00e1n recorridos te\u00f3ricos, referencias cl\u00ednicas, conferencias, testimonios del pase, y m\u00e1s\u2026 Una variedad de formatos y temas en torno a un eje central: lo imaginario. Tal como se nos advierte en la contratapa, se trata de lo imaginario en relaci\u00f3n a diversas nociones como el cuerpo, lalengua, el trauma, entre muchos otros.<\/p>\n<p style=\"text-align: justify\">El imperio de las im\u00e1genes es el primer apartado del libro. A trav\u00e9s de los 6 textos que lo componen, se recorre lo imaginario contemplando los distintos momentos de la ense\u00f1anza de Lacan. Con una admirable rigurosidad, los autores consiguen horadar cualquier intento de clausura conceptual, dando paso a la proliferaci\u00f3n de preguntas novedosas; referencias interesantes respecto al falo, al cuerpo, al goce, como tambi\u00e9n al lugar que las im\u00e1genes ocupan en la \u00e9poca que nos toca vivir y a los desaf\u00edos que conlleva para el psicoanalista.<\/p>\n<p style=\"text-align: justify\">Lo imaginario en la cl\u00ednica, el segundo apartado, incluye 4 textos en los que se trabajan una multiplicidad de conceptos y fen\u00f3menos cl\u00ednicos: transferencia, interpretaci\u00f3n, pornograf\u00eda, celos, amor, maternidad, fantasma, alucinaciones, entre otros. Todos los textos est\u00e1n atravesados por el esp\u00edritu de pensar una cl\u00ednica psicoanal\u00edtica situada en nuestros tiempos.<\/p>\n<p style=\"text-align: justify\">El cuerpo y lo imaginario es el tercer cap\u00edtulo, encontrar\u00e1n all\u00ed 3 textos que exploran las distintas versiones del cuerpo en la ense\u00f1anza de Lacan. Son destacables los planteamientos originales sobre el estadio del espejo y los desarrollos sobre la relaci\u00f3n entre lo imaginario y lo real. A modo de aperitivo, retomo la cita ubicada en la solapa del libro: \u201cAqu\u00ed reside el punto de fluctuaci\u00f3n por donde se ve que el t\u00e9rmino de imaginario no quiere decir pura imaginaci\u00f3n, puesto que tambi\u00e9n, si podemos hacer que lo imaginario ex-sista, es que se trata de otro real\u201d (Lacan, 1975).<\/p>\n<p style=\"text-align: justify\">\u00bfQu\u00e9 ocurre con lo imaginario al final de un an\u00e1lisis? En el \u00faltimo apartado del libro encontrar\u00e1n distintas respuestas de analistas que han pasado por el dispositivo del pase. Este apartado, titulado Final de an\u00e1lisis, viene muy bien como sucesor del anterior, en tanto los testimonios dan cuenta de distintos modos de relacionarse con ese cuerpo que se tiene y los efectos que el an\u00e1lisis produce en dicha relaci\u00f3n (Lacan, 1975-1976 [2008]).<\/p>\n<p style=\"text-align: justify\">Para concluir, quisiera comentar que cuando tuve el libro en mis manos, lo primero que pens\u00e9 fue en el dise\u00f1o de la portada. La palabra \u201cimaginario\u201d me transmiti\u00f3 cierto brillo, como los letreros con luces de ne\u00f3n. Luego de leerlo, lo veo m\u00e1s como un objeto difuso, carente de un contorno totalmente delimitado. Es el efecto que ha tenido para m\u00ed la lectura. Tal como lo trabajado por Miller (2014) en El ultim\u00edsimo Lacan; este libro promueve un distanciamiento de cierta disancia lacaniana en torno a lo imaginario, disancia que ha enfatizado la consistencia y el desconocimiento. Distancias y aperturas necesarias para vivificar la teor\u00eda e interpelar al psicoanalista y su pr\u00e1ctica, en el siglo XXI.<\/p>\n<\/div><\/div><\/div><\/div><\/div><div class=\"fusion-fullwidth fullwidth-box fusion-builder-row-4 fusion-flex-container nonhundred-percent-fullwidth non-hundred-percent-height-scrolling\" style=\"--awb-background-position:left top;--awb-border-sizes-top:0px;--awb-border-sizes-bottom:0px;--awb-border-sizes-left:0px;--awb-border-sizes-right:0px;--awb-border-radius-top-left:0px;--awb-border-radius-top-right:0px;--awb-border-radius-bottom-right:0px;--awb-border-radius-bottom-left:0px;--awb-padding-top:20px;--awb-padding-bottom:20px;--awb-flex-wrap:wrap;\" ><div class=\"fusion-builder-row fusion-row fusion-flex-align-items-flex-start fusion-flex-content-wrap\" style=\"max-width:1248px;margin-left: calc(-4% \/ 2 );margin-right: calc(-4% \/ 2 );\"><div class=\"fusion-layout-column fusion_builder_column fusion-builder-column-7 fusion_builder_column_1_1 1_1 fusion-flex-column fusion-flex-align-self-flex-start fusion-column-no-min-height\" style=\"--awb-bg-size:cover;--awb-width-large:100%;--awb-margin-top-large:0px;--awb-spacing-right-large:1.92%;--awb-margin-bottom-large:0px;--awb-spacing-left-large:1.92%;--awb-width-medium:100%;--awb-spacing-right-medium:1.92%;--awb-spacing-left-medium:1.92%;--awb-width-small:100%;--awb-spacing-right-small:1.92%;--awb-spacing-left-small:1.92%;\"><div class=\"fusion-column-wrapper fusion-flex-justify-content-flex-start fusion-content-layout-column\"><div class=\"fusion-title title fusion-title-2 sep-underline sep-solid fusion-title-text fusion-title-size-three\" style=\"--awb-margin-bottom:30px;--awb-sep-color:#dd3333;\"><h3 class=\"fusion-title-heading title-heading-left fusion-responsive-typography-calculated\" style=\"margin:0;--fontSize:20;--minFontSize:20;line-height:1.5;\">Referencias<\/h3><\/div><\/div><\/div><div class=\"fusion-layout-column fusion_builder_column fusion-builder-column-8 fusion_builder_column_1_1 1_1 fusion-flex-column fusion-flex-align-self-flex-start fusion-column-no-min-height\" style=\"--awb-bg-size:cover;--awb-width-large:100%;--awb-margin-top-large:0px;--awb-spacing-right-large:1.92%;--awb-margin-bottom-large:0px;--awb-spacing-left-large:1.92%;--awb-width-medium:100%;--awb-spacing-right-medium:1.92%;--awb-spacing-left-medium:1.92%;--awb-width-small:100%;--awb-spacing-right-small:1.92%;--awb-spacing-left-small:1.92%;\"><div class=\"fusion-column-wrapper fusion-flex-justify-content-flex-start fusion-content-layout-column\"><ul style=\"--awb-size:15px;--awb-iconcolor:#dd3333;--awb-line-height:25.5px;--awb-icon-width:25.5px;--awb-icon-height:25.5px;--awb-icon-margin:10.5px;--awb-content-margin:36px;\" class=\"fusion-checklist fusion-checklist-1 fusion-checklist-default type-icons\"><li class=\"fusion-li-item\" style=\"\"><span class=\"icon-wrapper circle-no\"><i class=\"fusion-li-icon fa-minus fas\" aria-hidden=\"true\"><\/i><\/span><div class=\"fusion-li-item-content\">\n<p>Lacan, J. (1975). RSI. (In\u00e9dito).<\/p>\n<\/div><\/li><li class=\"fusion-li-item\" style=\"\"><span class=\"icon-wrapper circle-no\"><i class=\"fusion-li-icon fa-minus fas\" aria-hidden=\"true\"><\/i><\/span><div class=\"fusion-li-item-content\">\n<p style=\"text-align: justify\">Lacan, J. (1975-1976 [2009]). \u201cEl Sinthome\u201d en El Seminario de Jacques Lacan. Libro 23. Buenos Aires: Paid\u00f3s.<\/p>\n<\/div><\/li><li class=\"fusion-li-item\" style=\"\"><span class=\"icon-wrapper circle-no\"><i class=\"fusion-li-icon fa-minus fas\" aria-hidden=\"true\"><\/i><\/span><div class=\"fusion-li-item-content\">\n<p style=\"text-align: justify\">Miller, J-A. (2014). El ultim\u00edsimo Lacan. Buenos Aires: Paid\u00f3s.<\/p>\n<\/div><\/li><li class=\"fusion-li-item\" style=\"\"><span class=\"icon-wrapper circle-no\"><i class=\"fusion-li-icon fa-minus fas\" aria-hidden=\"true\"><\/i><\/span><div class=\"fusion-li-item-content\">\n<p style=\"text-align: justify\">Tudanca, L., Gil. P., Gorenberg, R., Rodr\u00edguez de Milano, G. (2017). Lo imaginario en Lacan. Buenos Aires: Grama Ediciones.<\/p>\n<\/div><\/li><\/ul><\/div><\/div><\/div><\/div><\/p>\n","protected":false},"excerpt":{"rendered":"","protected":false},"author":1,"featured_media":0,"menu_order":0,"comment_status":"open","ping_status":"closed","template":"","format":"standard","meta":{"footnotes":""},"portfolio_category":[],"portfolio_skills":[],"portfolio_tags":[],"class_list":["post-638","avada_portfolio","type-avada_portfolio","status-publish","format-standard","hentry"],"_links":{"self":[{"href":"http:\/\/matpsil.com\/revista-lapso\/wp-json\/wp\/v2\/avada_portfolio\/638","targetHints":{"allow":["GET"]}}],"collection":[{"href":"http:\/\/matpsil.com\/revista-lapso\/wp-json\/wp\/v2\/avada_portfolio"}],"about":[{"href":"http:\/\/matpsil.com\/revista-lapso\/wp-json\/wp\/v2\/types\/avada_portfolio"}],"author":[{"embeddable":true,"href":"http:\/\/matpsil.com\/revista-lapso\/wp-json\/wp\/v2\/users\/1"}],"replies":[{"embeddable":true,"href":"http:\/\/matpsil.com\/revista-lapso\/wp-json\/wp\/v2\/comments?post=638"}],"version-history":[{"count":1,"href":"http:\/\/matpsil.com\/revista-lapso\/wp-json\/wp\/v2\/avada_portfolio\/638\/revisions"}],"predecessor-version":[{"id":2027,"href":"http:\/\/matpsil.com\/revista-lapso\/wp-json\/wp\/v2\/avada_portfolio\/638\/revisions\/2027"}],"wp:attachment":[{"href":"http:\/\/matpsil.com\/revista-lapso\/wp-json\/wp\/v2\/media?parent=638"}],"wp:term":[{"taxonomy":"portfolio_category","embeddable":true,"href":"http:\/\/matpsil.com\/revista-lapso\/wp-json\/wp\/v2\/portfolio_category?post=638"},{"taxonomy":"portfolio_skills","embeddable":true,"href":"http:\/\/matpsil.com\/revista-lapso\/wp-json\/wp\/v2\/portfolio_skills?post=638"},{"taxonomy":"portfolio_tags","embeddable":true,"href":"http:\/\/matpsil.com\/revista-lapso\/wp-json\/wp\/v2\/portfolio_tags?post=638"}],"curies":[{"name":"wp","href":"https:\/\/api.w.org\/{rel}","templated":true}]}}