{"id":1797,"date":"2022-12-02T18:32:57","date_gmt":"2022-12-02T21:32:57","guid":{"rendered":"http:\/\/matpsil.com\/revista-lapso\/\/?post_type=avada_portfolio&#038;p=1797"},"modified":"2023-12-10T17:52:38","modified_gmt":"2023-12-10T16:52:38","slug":"martinez-de-bocca-el-nombre-y-la-causa-eric-laurent","status":"publish","type":"avada_portfolio","link":"http:\/\/matpsil.com\/revista-lapso\/portfolio-items\/martinez-de-bocca-el-nombre-y-la-causa-eric-laurent\/","title":{"rendered":"MART\u00cdNEZ DE BOCCA | El nombre y la causa, \u00c9ric Laurent"},"content":{"rendered":"<p><div class=\"fusion-fullwidth fullwidth-box fusion-builder-row-1 fusion-flex-container nonhundred-percent-fullwidth non-hundred-percent-height-scrolling\" style=\"--awb-border-radius-top-left:0px;--awb-border-radius-top-right:0px;--awb-border-radius-bottom-right:0px;--awb-border-radius-bottom-left:0px;--awb-flex-wrap:wrap;\" ><div class=\"fusion-builder-row fusion-row fusion-flex-align-items-flex-start fusion-flex-content-wrap\" style=\"max-width:1248px;margin-left: calc(-4% \/ 2 );margin-right: calc(-4% \/ 2 );\"><div class=\"fusion-layout-column fusion_builder_column fusion-builder-column-0 fusion_builder_column_1_1 1_1 fusion-flex-column\" style=\"--awb-bg-size:cover;--awb-width-large:100%;--awb-margin-top-large:0px;--awb-spacing-right-large:1.92%;--awb-margin-bottom-large:20px;--awb-spacing-left-large:1.92%;--awb-width-medium:100%;--awb-spacing-right-medium:1.92%;--awb-spacing-left-medium:1.92%;--awb-width-small:100%;--awb-spacing-right-small:1.92%;--awb-spacing-left-small:1.92%;\"><div class=\"fusion-column-wrapper fusion-flex-justify-content-flex-start fusion-content-layout-column\"><div class=\"fusion-modal modal fade modal-1 cristina\" tabindex=\"-1\" role=\"dialog\" aria-labelledby=\"modal-heading-1\" aria-hidden=\"true\" style=\"--awb-border-color:#ebebeb;--awb-background:#f6f6f6;\"><div class=\"modal-dialog modal-lg\" role=\"document\"><div class=\"modal-content fusion-modal-content\"><div class=\"modal-header\"><button class=\"close\" type=\"button\" data-dismiss=\"modal\" aria-hidden=\"true\" aria-label=\"Close\">&times;<\/button><h3 class=\"modal-title\" id=\"modal-heading-1\" data-dismiss=\"modal\" aria-hidden=\"true\">Cristina Mart\u00ednez de Bocca<\/h3><\/div><div class=\"modal-body fusion-clearfix\">\n<p>EOL Secci\u00f3n C\u00f3rdoba<\/p>\n<p>cristinadebocca@gmail.com<\/p>\n<\/div><\/div><\/div><\/div><\/div><\/div><\/div><\/div><div class=\"fusion-fullwidth fullwidth-box fusion-builder-row-2 fusion-flex-container nonhundred-percent-fullwidth non-hundred-percent-height-scrolling\" style=\"--awb-background-position:left top;--awb-border-sizes-top:0px;--awb-border-sizes-bottom:0px;--awb-border-sizes-left:0px;--awb-border-sizes-right:0px;--awb-border-radius-top-left:0px;--awb-border-radius-top-right:0px;--awb-border-radius-bottom-right:0px;--awb-border-radius-bottom-left:0px;--awb-padding-top:20px;--awb-padding-bottom:20px;--awb-flex-wrap:wrap;\" ><div class=\"fusion-builder-row fusion-row fusion-flex-align-items-flex-start fusion-flex-content-wrap\" style=\"max-width:1248px;margin-left: calc(-4% \/ 2 );margin-right: calc(-4% \/ 2 );\"><div class=\"fusion-layout-column fusion_builder_column fusion-builder-column-1 fusion_builder_column_1_1 1_1 fusion-flex-column fusion-flex-align-self-flex-start fusion-column-no-min-height\" style=\"--awb-bg-size:cover;--awb-width-large:100%;--awb-margin-top-large:0px;--awb-spacing-right-large:1.92%;--awb-margin-bottom-large:0px;--awb-spacing-left-large:1.92%;--awb-width-medium:100%;--awb-spacing-right-medium:1.92%;--awb-spacing-left-medium:1.92%;--awb-width-small:100%;--awb-spacing-right-small:1.92%;--awb-spacing-left-small:1.92%;\"><div class=\"fusion-column-wrapper fusion-flex-justify-content-flex-start fusion-content-layout-column\"><div class=\"fusion-title title fusion-title-1 sep-underline sep-solid fusion-title-center fusion-title-text fusion-title-size-two\"><h2 class=\"fusion-title-heading title-heading-center fusion-responsive-typography-calculated\" style=\"margin:0;--fontSize:25;--minFontSize:25;line-height:1.5;\">El nombre y la causa, \u00c9ric Laurent<\/h2><\/div><\/div><\/div><div class=\"fusion-layout-column fusion_builder_column fusion-builder-column-2 fusion_builder_column_1_6 1_6 fusion-flex-column fusion-no-small-visibility\" style=\"--awb-bg-size:cover;--awb-width-large:16.666666666667%;--awb-margin-top-large:0px;--awb-spacing-right-large:11.52%;--awb-margin-bottom-large:20px;--awb-spacing-left-large:11.52%;--awb-width-medium:16.666666666667%;--awb-spacing-right-medium:11.52%;--awb-spacing-left-medium:11.52%;--awb-width-small:100%;--awb-spacing-right-small:1.92%;--awb-spacing-left-small:1.92%;\"><div class=\"fusion-column-wrapper fusion-flex-justify-content-flex-start fusion-content-layout-column\"><\/div><\/div><div class=\"fusion-layout-column fusion_builder_column fusion-builder-column-3 fusion_builder_column_2_3 2_3 fusion-flex-column\" style=\"--awb-bg-size:cover;--awb-width-large:66.666666666667%;--awb-margin-top-large:0px;--awb-spacing-right-large:2.88%;--awb-margin-bottom-large:20px;--awb-spacing-left-large:2.88%;--awb-width-medium:66.666666666667%;--awb-spacing-right-medium:2.88%;--awb-spacing-left-medium:2.88%;--awb-width-small:100%;--awb-spacing-right-small:1.92%;--awb-spacing-left-small:1.92%;\"><div class=\"fusion-column-wrapper fusion-flex-justify-content-flex-start fusion-content-layout-column\"><style type='text\/css'>.reading-box-container-1 .element-bottomshadow:before,.reading-box-container-1 .element-bottomshadow:after{opacity:0.70;}<\/style><div class=\"fusion-reading-box-container reading-box-container-1 fusion-animated\" style=\"--awb-title-color:#333333;--awb-margin-top:0px;--awb-margin-bottom:84px;\" data-animationType=\"fadeInUp\" data-animationDuration=\"0.5\" data-animationOffset=\"top-into-view\"><div class=\"reading-box reading-box-center element-bottomshadow\" style=\"background-color:#ecf0f5;border-width:1px;border-color:#f6f6f6;border-top-width:3px;border-top-color:var(--primary_color);border-style:solid;\"><h2>CRISTINA MART\u00cdNEZ DE BOCCA<\/h2><div class=\"reading-box-additional fusion-reading-box-additional\"><div class=\"fusion-aligncenter\"><a class=\"fusion-button button-flat fusion-button-default-size button-custom fusion-button-default button-1 fusion-button-default-span fusion-button-default-type\" style=\"--button_accent_color:#333333;--button_accent_hover_color:#333333;--button_border_hover_color:#333333;--button_border_width-top:1px;--button_border_width-right:1px;--button_border_width-bottom:1px;--button_border_width-left:1px;--button-border-radius-top-left:25px;--button-border-radius-top-right:25px;--button-border-radius-bottom-right:25px;--button-border-radius-bottom-left:25px;--button_gradient_top_color:rgba(181,41,41,0);--button_gradient_bottom_color:rgba(181,41,41,0);--button_gradient_top_color_hover:rgba(0,0,0,0.1);--button_gradient_bottom_color_hover:rgba(0,0,0,0.1);\" target=\"_self\" href=\"#\" data-toggle=\"modal\" data-target=\".fusion-modal.cristina\"><span class=\"fusion-button-text\"><\/span><i class=\" fa fa-user button-icon-center\" aria-hidden=\"true\"><\/i><\/a><\/div><\/div><div class=\"fusion-clearfix\"><\/div><\/div><\/div><\/div><\/div><div class=\"fusion-layout-column fusion_builder_column fusion-builder-column-4 fusion_builder_column_1_6 1_6 fusion-flex-column fusion-no-small-visibility\" style=\"--awb-bg-size:cover;--awb-width-large:16.666666666667%;--awb-margin-top-large:0px;--awb-spacing-right-large:11.52%;--awb-margin-bottom-large:20px;--awb-spacing-left-large:11.52%;--awb-width-medium:16.666666666667%;--awb-spacing-right-medium:11.52%;--awb-spacing-left-medium:11.52%;--awb-width-small:100%;--awb-spacing-right-small:1.92%;--awb-spacing-left-small:1.92%;\"><div class=\"fusion-column-wrapper fusion-flex-justify-content-flex-start fusion-content-layout-column\"><\/div><\/div><div class=\"fusion-layout-column fusion_builder_column fusion-builder-column-5 fusion_builder_column_1_1 1_1 fusion-flex-column\" style=\"--awb-bg-size:cover;--awb-width-large:100%;--awb-margin-top-large:0px;--awb-spacing-right-large:1.92%;--awb-margin-bottom-large:20px;--awb-spacing-left-large:1.92%;--awb-width-medium:100%;--awb-spacing-right-medium:1.92%;--awb-spacing-left-medium:1.92%;--awb-width-small:100%;--awb-spacing-right-small:1.92%;--awb-spacing-left-small:1.92%;\"><div class=\"fusion-column-wrapper fusion-flex-justify-content-flex-start fusion-content-layout-column\"><div style=\"text-align:right;\"><a class=\"fusion-button button-flat button-small button-custom fusion-button-default button-2 fusion-button-default-span fusion-button-default-type\" style=\"--button_accent_color:#333333;--button_border_color:#333333;--button_accent_hover_color:#333333;--button_border_hover_color:#333333;--button_border_width-top:1px;--button_border_width-right:1px;--button_border_width-bottom:1px;--button_border_width-left:1px;--button-border-radius-top-left:0;--button-border-radius-top-right:0;--button-border-radius-bottom-right:0;--button-border-radius-bottom-left:0;--button_gradient_top_color:rgba(181,41,41,0);--button_gradient_bottom_color:rgba(181,41,41,0);--button_gradient_top_color_hover:rgba(0,0,0,0.3);--button_gradient_bottom_color_hover:rgba(0,0,0,0.3);\" target=\"_blank\" rel=\"noopener noreferrer\" href=\"http:\/\/matpsil.com\/revista-lapso\/wp-content\/uploads\/sites\/2\/2023\/12\/LAPSO-7-MARTINEZ-DE-BOCCA-El-nombre-y-la-causa-Eric-Laurent.pdf\"><i class=\"fa-download fas button-icon-left\" aria-hidden=\"true\"><\/i><span class=\"fusion-button-text\">PDF<\/span><\/a><\/div><\/div><\/div><\/div><\/div><div class=\"fusion-fullwidth fullwidth-box fusion-builder-row-3 fusion-flex-container nonhundred-percent-fullwidth non-hundred-percent-height-scrolling\" style=\"--awb-background-position:left top;--awb-border-sizes-top:0px;--awb-border-sizes-bottom:0px;--awb-border-sizes-left:0px;--awb-border-sizes-right:0px;--awb-border-radius-top-left:0px;--awb-border-radius-top-right:0px;--awb-border-radius-bottom-right:0px;--awb-border-radius-bottom-left:0px;--awb-padding-top:20px;--awb-padding-bottom:20px;--awb-flex-wrap:wrap;\" ><div class=\"fusion-builder-row fusion-row fusion-flex-align-items-flex-start fusion-flex-content-wrap\" style=\"max-width:1248px;margin-left: calc(-4% \/ 2 );margin-right: calc(-4% \/ 2 );\"><div class=\"fusion-layout-column fusion_builder_column fusion-builder-column-6 fusion_builder_column_1_1 1_1 fusion-flex-column fusion-flex-align-self-flex-start fusion-column-no-min-height\" style=\"--awb-bg-size:cover;--awb-width-large:100%;--awb-margin-top-large:0px;--awb-spacing-right-large:1.92%;--awb-margin-bottom-large:0px;--awb-spacing-left-large:1.92%;--awb-width-medium:100%;--awb-spacing-right-medium:1.92%;--awb-spacing-left-medium:1.92%;--awb-width-small:100%;--awb-spacing-right-small:1.92%;--awb-spacing-left-small:1.92%;\"><div class=\"fusion-column-wrapper fusion-flex-justify-content-flex-start fusion-content-layout-column\"><div class=\"fusion-image-element \" style=\"text-align:left;--awb-bottom-shadow-color:rgba(0,0,0,0.4);--awb-caption-title-font-family:var(--h2_typography-font-family);--awb-caption-title-font-weight:var(--h2_typography-font-weight);--awb-caption-title-font-style:var(--h2_typography-font-style);--awb-caption-title-size:var(--h2_typography-font-size);--awb-caption-title-transform:var(--h2_typography-text-transform);--awb-caption-title-line-height:var(--h2_typography-line-height);--awb-caption-title-letter-spacing:var(--h2_typography-letter-spacing);\"><div class=\"awb-image-frame awb-image-frame-1 fusion-image-frame-bottomshadow image-frame-shadow-1\" style=\"max-width:300px;display:inline-block;\"><span class=\" fusion-imageframe imageframe-bottomshadow imageframe-1 element-bottomshadow hover-type-none\"><img decoding=\"async\" src=\"http:\/\/matpsil.com\/revista-lapso\/wp-content\/uploads\/sites\/2\/2022\/12\/\u00c9RIC-LAURENT-El-Nombre-y-la-Causa.pdf.jpg\" alt class=\"img-responsive\"\/><\/span><\/div><\/div><div class=\"fusion-text fusion-text-1\"><p style=\"text-align: justify\"><span class=\"fusion-dropcap dropcap dropcap-boxed\" style=\"--awb-border-radius:8px;--awb-background:#dd3333;\">F<\/span>inalizando el a\u00f1o 2019, un 2 de diciembre, \u00c9ric Laurent, psicoanalista, recibe el t\u00edtulo de Doctor Honoris Causa otorgado por la Universidad Nacional de C\u00f3rdoba en su Sal\u00f3n de Grados. Fue en ese momento, de acontecimiento pol\u00edtico y epist\u00e9mico, que \u00c9ric Laurent habla sobre <em>El nombre y la causa <\/em>(2021).<\/p>\n<p style=\"text-align: justify\">En su conferencia est\u00e1n presentes los significantes: \u201chonor\u201d por recibir ese t\u00edtulo que proviene del discurso universitario, \u201cdignidad\u201d de un semblante que no desconoce lo real y \u201cun nombre que no es amo de nadie\u201d.<\/p>\n<p style=\"text-align: justify\">De entrada Laurent sit\u00faa la brecha entre el nombre propio y el nombre de funci\u00f3n, nombre que distingue y reconoce todas sus producciones escritas y orales enmarcadas en el discurso del psicoan\u00e1lisis. De este discurso\u00a0 hizo su \u201ccausa\u201d, discurso en cuyo centro hay un \u201cagujero en el saber\u201d.\u00a0 Ese \u201cno s\u00e9\u201d que implica la posici\u00f3n analizante del analista, en ocasiones se encuentra con el \u201csaber expuesto\u201d que muestra de manera precisa, sin rodeos, el trabajo de elaboraci\u00f3n orientado por el deseo de una invenci\u00f3n de saber y de su transmisi\u00f3n, constante, incansable y generoso para la permanencia del psicoan\u00e1lisis.<\/p>\n<p style=\"text-align: justify\">Para tal fin, el discurso anal\u00edtico y el universitario, \u201cno est\u00e1n unos junto a otros en ignorancia u olvido rec\u00edprocos\u201d (Laurent, 2021, p. 23), sino que interact\u00faan sin confundirse \u2014en el doble sentido de la palabra: hacer Uno y embrollarse\u2014 cuando se est\u00e1\u00a0 advertido del rechazo que puede surgir, en tanto el psicoan\u00e1lisis \u201cmolesta, conmueve defensas y toca un real\u201d (p. 24).<\/p>\n<p style=\"text-align: justify\">El lazo del nombre y la causa, el destino del nombre propio una vez que son atravesadas las identificaciones, el padre que toca a lo real, el nombre de mujer y su causa. \u00bfPor qu\u00e9 mantener separados el nombre y la causa? Estos son los puntos cruciales que \u00c9ric Laurent aborda en esta conferencia.<\/p>\n<p style=\"text-align: justify\">El t\u00edtulo otorgado por\u00a0 el discurso universitario implica el reconocimiento de un trabajo de muchos a\u00f1os, cuyo resorte es un no saber irreductible, S(A)\/, \u201c\u00edndice de vac\u00edo\u201d y al mismo tiempo \u00edndice de un goce singular que se reconfigura como instrumento al servicio del psicoan\u00e1lisis. Ese vac\u00edo y ese goce singular que sostienen una ense\u00f1anza, un analista lo \u201clleva\u201d con su nombre propio y lo encarna haciendo rodar su voz, cada vez.<\/p>\n<\/div><\/div><\/div><\/div><\/div><div class=\"fusion-fullwidth fullwidth-box fusion-builder-row-4 fusion-flex-container nonhundred-percent-fullwidth non-hundred-percent-height-scrolling\" style=\"--awb-background-position:left top;--awb-border-sizes-top:0px;--awb-border-sizes-bottom:0px;--awb-border-sizes-left:0px;--awb-border-sizes-right:0px;--awb-border-radius-top-left:0px;--awb-border-radius-top-right:0px;--awb-border-radius-bottom-right:0px;--awb-border-radius-bottom-left:0px;--awb-padding-top:20px;--awb-padding-bottom:20px;--awb-flex-wrap:wrap;\" ><div class=\"fusion-builder-row fusion-row fusion-flex-align-items-flex-start fusion-flex-content-wrap\" style=\"max-width:1248px;margin-left: calc(-4% \/ 2 );margin-right: calc(-4% \/ 2 );\"><div class=\"fusion-layout-column fusion_builder_column fusion-builder-column-7 fusion_builder_column_1_1 1_1 fusion-flex-column fusion-flex-align-self-flex-start fusion-column-no-min-height\" style=\"--awb-bg-size:cover;--awb-width-large:100%;--awb-margin-top-large:0px;--awb-spacing-right-large:1.92%;--awb-margin-bottom-large:0px;--awb-spacing-left-large:1.92%;--awb-width-medium:100%;--awb-spacing-right-medium:1.92%;--awb-spacing-left-medium:1.92%;--awb-width-small:100%;--awb-spacing-right-small:1.92%;--awb-spacing-left-small:1.92%;\"><div class=\"fusion-column-wrapper fusion-flex-justify-content-flex-start fusion-content-layout-column\"><div class=\"fusion-title title fusion-title-2 sep-underline sep-solid fusion-title-text fusion-title-size-three\" style=\"--awb-margin-bottom:30px;--awb-sep-color:#dd3333;\"><h3 class=\"fusion-title-heading title-heading-left fusion-responsive-typography-calculated\" style=\"margin:0;--fontSize:20;--minFontSize:20;line-height:1.5;\">Referencias<\/h3><\/div><\/div><\/div><div class=\"fusion-layout-column fusion_builder_column fusion-builder-column-8 fusion_builder_column_1_1 1_1 fusion-flex-column fusion-flex-align-self-flex-start fusion-column-no-min-height\" style=\"--awb-bg-size:cover;--awb-width-large:100%;--awb-margin-top-large:0px;--awb-spacing-right-large:1.92%;--awb-margin-bottom-large:0px;--awb-spacing-left-large:1.92%;--awb-width-medium:100%;--awb-spacing-right-medium:1.92%;--awb-spacing-left-medium:1.92%;--awb-width-small:100%;--awb-spacing-right-small:1.92%;--awb-spacing-left-small:1.92%;\"><div class=\"fusion-column-wrapper fusion-flex-justify-content-flex-start fusion-content-layout-column\"><ul style=\"--awb-size:15px;--awb-iconcolor:#dd3333;--awb-line-height:25.5px;--awb-icon-width:25.5px;--awb-icon-height:25.5px;--awb-icon-margin:10.5px;--awb-content-margin:36px;\" class=\"fusion-checklist fusion-checklist-1 fusion-checklist-default type-icons\"><li class=\"fusion-li-item\" style=\"\"><span class=\"icon-wrapper circle-no\"><i class=\"fusion-li-icon fa-minus fas\" aria-hidden=\"true\"><\/i><\/span><div class=\"fusion-li-item-content\">\n<p>Laurent, \u00c9. (2021). El nombre y la causa. C\u00f3rdoba: UNC. Disponible <a href=\"https:\/\/rdu.unc.edu.ar\/bitstream\/handle\/11086\/16881\/%C3%89RIC%20LAURENT%20-%20El%20Nombre%20y%20la%20Causa.pdf?sequence=5&amp;isAllowed=y\" target=\"_blank\" rel=\"noopener noreferrer\"><strong>AQU\u00cd<\/strong><\/a><\/p>\n<\/div><\/li><\/ul><\/div><\/div><\/div><\/div><\/p>\n","protected":false},"excerpt":{"rendered":"","protected":false},"author":1,"featured_media":0,"menu_order":0,"comment_status":"open","ping_status":"closed","template":"","format":"standard","meta":{"footnotes":""},"portfolio_category":[],"portfolio_skills":[],"portfolio_tags":[],"class_list":["post-1797","avada_portfolio","type-avada_portfolio","status-publish","format-standard","hentry"],"_links":{"self":[{"href":"http:\/\/matpsil.com\/revista-lapso\/wp-json\/wp\/v2\/avada_portfolio\/1797","targetHints":{"allow":["GET"]}}],"collection":[{"href":"http:\/\/matpsil.com\/revista-lapso\/wp-json\/wp\/v2\/avada_portfolio"}],"about":[{"href":"http:\/\/matpsil.com\/revista-lapso\/wp-json\/wp\/v2\/types\/avada_portfolio"}],"author":[{"embeddable":true,"href":"http:\/\/matpsil.com\/revista-lapso\/wp-json\/wp\/v2\/users\/1"}],"replies":[{"embeddable":true,"href":"http:\/\/matpsil.com\/revista-lapso\/wp-json\/wp\/v2\/comments?post=1797"}],"version-history":[{"count":1,"href":"http:\/\/matpsil.com\/revista-lapso\/wp-json\/wp\/v2\/avada_portfolio\/1797\/revisions"}],"predecessor-version":[{"id":2195,"href":"http:\/\/matpsil.com\/revista-lapso\/wp-json\/wp\/v2\/avada_portfolio\/1797\/revisions\/2195"}],"wp:attachment":[{"href":"http:\/\/matpsil.com\/revista-lapso\/wp-json\/wp\/v2\/media?parent=1797"}],"wp:term":[{"taxonomy":"portfolio_category","embeddable":true,"href":"http:\/\/matpsil.com\/revista-lapso\/wp-json\/wp\/v2\/portfolio_category?post=1797"},{"taxonomy":"portfolio_skills","embeddable":true,"href":"http:\/\/matpsil.com\/revista-lapso\/wp-json\/wp\/v2\/portfolio_skills?post=1797"},{"taxonomy":"portfolio_tags","embeddable":true,"href":"http:\/\/matpsil.com\/revista-lapso\/wp-json\/wp\/v2\/portfolio_tags?post=1797"}],"curies":[{"name":"wp","href":"https:\/\/api.w.org\/{rel}","templated":true}]}}